{"id":5954,"date":"2021-08-24T18:05:14","date_gmt":"2021-08-24T22:05:14","guid":{"rendered":"https:\/\/accionclimaticaplaca.org\/?page_id=5954"},"modified":"2026-04-16T20:49:37","modified_gmt":"2026-04-17T00:49:37","slug":"adaptacion-y-mitigacion","status":"publish","type":"page","link":"https:\/\/accionclimaticaplaca.org\/es\/grupos-de-trabajo-tematicos\/adaptacion-y-mitigacion\/","title":{"rendered":"Adaptaci\u00f3n y mitigaci\u00f3n"},"content":{"rendered":"\t\t<div data-elementor-type=\"wp-page\" data-elementor-id=\"5954\" class=\"elementor elementor-5954\" data-elementor-settings=\"{&quot;ha_cmc_init_switcher&quot;:&quot;no&quot;}\">\n\t\t\t\t\t\t<section class=\"elementor-section elementor-top-section elementor-element elementor-element-e712b74 elementor-section-full_width elementor-section-height-min-height elementor-section-height-default elementor-section-items-middle\" data-id=\"e712b74\" data-element_type=\"section\" data-settings=\"{&quot;background_background&quot;:&quot;classic&quot;,&quot;_ha_eqh_enable&quot;:false}\">\n\t\t\t\t\t\t\t<div class=\"elementor-background-overlay\"><\/div>\n\t\t\t\t\t\t\t<div class=\"elementor-container elementor-column-gap-default\">\n\t\t\t\t\t<div class=\"elementor-column elementor-col-100 elementor-top-column elementor-element elementor-element-2b7ec65\" data-id=\"2b7ec65\" data-element_type=\"column\">\n\t\t\t<div class=\"elementor-widget-wrap elementor-element-populated\">\n\t\t\t\t\t\t<section class=\"elementor-section elementor-inner-section elementor-element elementor-element-d5f1a43 elementor-section-boxed elementor-section-height-default elementor-section-height-default\" data-id=\"d5f1a43\" data-element_type=\"section\" data-settings=\"{&quot;_ha_eqh_enable&quot;:false}\">\n\t\t\t\t\t\t<div class=\"elementor-container elementor-column-gap-default\">\n\t\t\t\t\t<div class=\"elementor-column elementor-col-100 elementor-inner-column elementor-element elementor-element-028efbf\" data-id=\"028efbf\" data-element_type=\"column\">\n\t\t\t<div class=\"elementor-widget-wrap elementor-element-populated\">\n\t\t\t\t\t\t<div class=\"elementor-element elementor-element-433ac12 elementor-widget elementor-widget-spacer\" data-id=\"433ac12\" data-element_type=\"widget\" data-widget_type=\"spacer.default\">\n\t\t\t\t<div class=\"elementor-widget-container\">\n\t\t\t\t\t<div class=\"elementor-spacer\">\n\t\t\t<div class=\"elementor-spacer-inner\"><\/div>\n\t\t<\/div>\n\t\t\t\t<\/div>\n\t\t\t\t<\/div>\n\t\t\t\t<div class=\"elementor-element elementor-element-e512432 elementor-widget elementor-widget-heading\" data-id=\"e512432\" data-element_type=\"widget\" data-widget_type=\"heading.default\">\n\t\t\t\t<div class=\"elementor-widget-container\">\n\t\t\t<h2 class=\"elementor-heading-title elementor-size-default\">Adaptaci\u00f3n y Mitigaci\u00f3n<\/h2>\t\t<\/div>\n\t\t\t\t<\/div>\n\t\t\t\t<div class=\"elementor-element elementor-element-a63e631 elementor-widget elementor-widget-spacer\" data-id=\"a63e631\" data-element_type=\"widget\" data-widget_type=\"spacer.default\">\n\t\t\t\t<div class=\"elementor-widget-container\">\n\t\t\t\t\t<div class=\"elementor-spacer\">\n\t\t\t<div class=\"elementor-spacer-inner\"><\/div>\n\t\t<\/div>\n\t\t\t\t<\/div>\n\t\t\t\t<\/div>\n\t\t\t\t\t<\/div>\n\t\t<\/div>\n\t\t\t\t\t<\/div>\n\t\t<\/section>\n\t\t\t\t\t<\/div>\n\t\t<\/div>\n\t\t\t\t\t<\/div>\n\t\t<\/section>\n\t\t\t\t<section class=\"elementor-section elementor-top-section elementor-element elementor-element-2cbbc0cb elementor-section-boxed elementor-section-height-default elementor-section-height-default\" data-id=\"2cbbc0cb\" data-element_type=\"section\" data-settings=\"{&quot;_ha_eqh_enable&quot;:false}\">\n\t\t\t\t\t\t<div class=\"elementor-container elementor-column-gap-default\">\n\t\t\t\t\t<div class=\"elementor-column elementor-col-50 elementor-top-column elementor-element elementor-element-45c9c7c1\" data-id=\"45c9c7c1\" data-element_type=\"column\">\n\t\t\t<div class=\"elementor-widget-wrap elementor-element-populated\">\n\t\t\t\t\t\t<div class=\"elementor-element elementor-element-f7eabaa elementor-widget elementor-widget-image\" data-id=\"f7eabaa\" data-element_type=\"widget\" data-widget_type=\"image.default\">\n\t\t\t\t<div class=\"elementor-widget-container\">\n\t\t\t\t\t\t\t\t\t\t\t\t\t<img fetchpriority=\"high\" decoding=\"async\" width=\"538\" height=\"704\" src=\"https:\/\/accionclimaticaplaca.org\/wp-content\/uploads\/2025\/06\/Coordinador-GTT1_Wilmer-Jimenez.jpg\" class=\"attachment-large size-large wp-image-10368\" alt=\"\" srcset=\"https:\/\/accionclimaticaplaca.org\/wp-content\/uploads\/2025\/06\/Coordinador-GTT1_Wilmer-Jimenez.jpg 538w, https:\/\/accionclimaticaplaca.org\/wp-content\/uploads\/2025\/06\/Coordinador-GTT1_Wilmer-Jimenez-229x300.jpg 229w, https:\/\/accionclimaticaplaca.org\/wp-content\/uploads\/2025\/06\/Coordinador-GTT1_Wilmer-Jimenez-9x12.jpg 9w\" sizes=\"(max-width: 538px) 100vw, 538px\" \/>\t\t\t\t\t\t\t\t\t\t\t\t\t<\/div>\n\t\t\t\t<\/div>\n\t\t\t\t\t<\/div>\n\t\t<\/div>\n\t\t\t\t<div class=\"elementor-column elementor-col-50 elementor-top-column elementor-element elementor-element-7779c5c\" data-id=\"7779c5c\" data-element_type=\"column\">\n\t\t\t<div class=\"elementor-widget-wrap elementor-element-populated\">\n\t\t\t\t\t\t<div class=\"elementor-element elementor-element-2fc6a1d elementor-widget elementor-widget-case27-table-block-widget\" data-id=\"2fc6a1d\" data-element_type=\"widget\" data-widget_type=\"case27-table-block-widget.default\">\n\t\t\t\t<div class=\"elementor-widget-container\">\n\t\t\t\r\n<div class=\"block-element\" >\r\n\t<div class=\"element table-block\">\r\n\t\t<div class=\"pf-head\">\r\n\t\t\t<div class=\"title-style-1 title-style-1\">\r\n\t\t\t\t\t\t\t\t\t<i class=\"fa fa-info-circle\"><\/i>\t\t\t\t\t\t\t\t<h5>Informaci\u00f3n del grupo de trabajo<\/h5>\r\n\t\t\t<\/div>\r\n\t\t<\/div>\r\n\t\t<div class=\"pf-body\">\r\n\t\t\t<ul class=\"extra-details\">\r\n\t\t\t\t\t\t\t\t\t<li>\r\n\t\t\t\t\t\t<div class=\"item-attr\"><strong>Coordinador<\/strong><\/div>\r\n\t\t\t\t\t\t<div class=\"item-property\">Wilmer Jim\u00e9nez - Ecuador<\/div>\r\n\t\t\t\t\t<\/li>\r\n\t\t\t\t\t\t\t\t\t<li>\r\n\t\t\t\t\t\t<div class=\"item-attr\"><strong>Pa\u00edses<\/strong><\/div>\r\n\t\t\t\t\t\t<div class=\"item-property\">13 | Argentina, Bahamas, Brasil, Chile, Ecuador, El Salvador, Guatemala, Hait\u00ed, M\u00e9xico, Panam\u00e1, Paraguay, Per\u00fa y Rep\u00fablica Dominicana<\/div>\r\n\t\t\t\t\t<\/li>\r\n\t\t\t\t\t\t\t\t\t<li>\r\n\t\t\t\t\t\t<div class=\"item-attr\"><strong>Objetivo del grupo<\/strong><\/div>\r\n\t\t\t\t\t\t<div class=\"item-property\">Contribuir a las acciones de mitigaci\u00f3n y adaptaci\u00f3n al cambio clim\u00e1tico en el \u00e1mbito de un desarrollo agropecuario sostenible que garantice la seguridad alimentaria. <\/div>\r\n\t\t\t\t\t<\/li>\r\n\t\t\t\t\t\t\t\t\t<li>\r\n\t\t\t\t\t\t<div class=\"item-attr\"><strong>Prioridades Tem\u00e1ticas<\/strong><\/div>\r\n\t\t\t\t\t\t<div class=\"item-property\">Pr\u00e1cticas agr\u00edcola sostenibles, adaptadas al clima (agua, riego y ganader\u00eda). Gesti\u00f3n de Riesgo Clim\u00e1tico en el sector agropecuario. Gesti\u00f3n sostenible de suelos: carbono org\u00e1nico y reducci\u00f3n de emisiones GEI. Sistemas de Alerta Temprana. Formulaci\u00f3n de indicadores y m\u00e9tricas para la adaptaci\u00f3n.<\/div>\r\n\t\t\t\t\t<\/li>\r\n\t\t\t\t\t\t\t\t\t<li>\r\n\t\t\t\t\t\t<div class=\"item-attr\"><strong>Acceso Dgroups (s\u00f3lo miembros)<\/strong><\/div>\r\n\t\t\t\t\t\t<div class=\"item-property\"><a href=\"https:\/\/dgroups.org\/fao\/placa\/placa_adaptacion_mitigacion\" target=\"_blank\">Dgroup Adaptaci\u00f3n y Mitigaci\u00f3n<\/a><\/div>\r\n\t\t\t\t\t<\/li>\r\n\t\t\t\t\t\t\t<\/ul>\r\n\t\t<\/div>\r\n\t<\/div>\r\n<\/div>\r\n\t\t<\/div>\n\t\t\t\t<\/div>\n\t\t\t\t\t<\/div>\n\t\t<\/div>\n\t\t\t\t\t<\/div>\n\t\t<\/section>\n\t\t\t\t<section class=\"elementor-section elementor-top-section elementor-element elementor-element-4785382 elementor-section-boxed elementor-section-height-default elementor-section-height-default\" data-id=\"4785382\" data-element_type=\"section\" data-settings=\"{&quot;background_background&quot;:&quot;classic&quot;,&quot;_ha_eqh_enable&quot;:false}\">\n\t\t\t\t\t\t<div class=\"elementor-container elementor-column-gap-default\">\n\t\t\t\t\t<div class=\"elementor-column elementor-col-25 elementor-top-column elementor-element elementor-element-0edf6da\" data-id=\"0edf6da\" data-element_type=\"column\">\n\t\t\t<div class=\"elementor-widget-wrap elementor-element-populated\">\n\t\t\t\t\t\t<div class=\"elementor-element elementor-element-14d2e26 elementor-view-default elementor-widget elementor-widget-icon\" data-id=\"14d2e26\" data-element_type=\"widget\" data-widget_type=\"icon.default\">\n\t\t\t\t<div class=\"elementor-widget-container\">\n\t\t\t\t\t<div class=\"elementor-icon-wrapper\">\n\t\t\t<div class=\"elementor-icon\">\n\t\t\t<i aria-hidden=\"true\" class=\"fas fa-graduation-cap\"><\/i>\t\t\t<\/div>\n\t\t<\/div>\n\t\t\t\t<\/div>\n\t\t\t\t<\/div>\n\t\t\t\t\t<\/div>\n\t\t<\/div>\n\t\t\t\t<div class=\"elementor-column elementor-col-25 elementor-top-column elementor-element elementor-element-813411f\" data-id=\"813411f\" data-element_type=\"column\" data-settings=\"{&quot;animation&quot;:&quot;none&quot;}\">\n\t\t\t<div class=\"elementor-widget-wrap elementor-element-populated\">\n\t\t\t\t\t\t<div class=\"elementor-element elementor-element-f496507 elementor-widget elementor-widget-heading\" data-id=\"f496507\" data-element_type=\"widget\" data-widget_type=\"heading.default\">\n\t\t\t\t<div class=\"elementor-widget-container\">\n\t\t\t<h4 class=\"elementor-heading-title elementor-size-default\">Curso de Capacitaci\u00f3n <\/h4>\t\t<\/div>\n\t\t\t\t<\/div>\n\t\t\t\t<div class=\"elementor-element elementor-element-facbdd1 elementor-widget elementor-widget-text-editor\" data-id=\"facbdd1\" data-element_type=\"widget\" data-widget_type=\"text-editor.default\">\n\t\t\t\t<div class=\"elementor-widget-container\">\n\t\t\t\t\t\t\t<p>La pr\u00f3xima versi\u00f3n del curso en \u00abAdaptaci\u00f3n al Cambio Clim\u00e1tico en el sector Agropecuario\u00bb se llevar\u00e1 a cabo en <strong>octubre\u00a0de 2025.<\/strong><\/p>\t\t\t\t\t\t<\/div>\n\t\t\t\t<\/div>\n\t\t\t\t\t<\/div>\n\t\t<\/div>\n\t\t\t\t<div class=\"elementor-column elementor-col-25 elementor-top-column elementor-element elementor-element-c5a664e\" data-id=\"c5a664e\" data-element_type=\"column\">\n\t\t\t<div class=\"elementor-widget-wrap elementor-element-populated\">\n\t\t\t\t\t\t<div class=\"elementor-element elementor-element-f94f358 elementor-view-default elementor-widget elementor-widget-icon\" data-id=\"f94f358\" data-element_type=\"widget\" data-widget_type=\"icon.default\">\n\t\t\t\t<div class=\"elementor-widget-container\">\n\t\t\t\t\t<div class=\"elementor-icon-wrapper\">\n\t\t\t<a class=\"elementor-icon\" href=\"https:\/\/drive.google.com\/file\/d\/1c8DZU3riabfwAhbdMMwlJ5G19QbSspI-\/view\" target=\"_blank\">\n\t\t\t<i aria-hidden=\"true\" class=\"far fa-file-pdf\"><\/i>\t\t\t<\/a>\n\t\t<\/div>\n\t\t\t\t<\/div>\n\t\t\t\t<\/div>\n\t\t\t\t\t<\/div>\n\t\t<\/div>\n\t\t\t\t<div class=\"elementor-column elementor-col-25 elementor-top-column elementor-element elementor-element-c16b199\" data-id=\"c16b199\" data-element_type=\"column\" data-settings=\"{&quot;animation&quot;:&quot;none&quot;}\">\n\t\t\t<div class=\"elementor-widget-wrap elementor-element-populated\">\n\t\t\t\t\t\t<div class=\"elementor-element elementor-element-cd4d97e elementor-widget elementor-widget-heading\" data-id=\"cd4d97e\" data-element_type=\"widget\" data-widget_type=\"heading.default\">\n\t\t\t\t<div class=\"elementor-widget-container\">\n\t\t\t<h4 class=\"elementor-heading-title elementor-size-default\"><a href=\"https:\/\/drive.google.com\/file\/d\/1Iru0gumkx75CgfHQooUZM7lKgr7hxBLt\/view?usp=sharing\">Plan de trabajo 2025-2026<\/a><\/h4>\t\t<\/div>\n\t\t\t\t<\/div>\n\t\t\t\t<div class=\"elementor-element elementor-element-9ea6332 elementor-widget elementor-widget-text-editor\" data-id=\"9ea6332\" data-element_type=\"widget\" data-widget_type=\"text-editor.default\">\n\t\t\t\t<div class=\"elementor-widget-container\">\n\t\t\t\t\t\t\t<p>Documento elaborado por el grupo de trabajo con la planificaci\u00f3n de las actividades.<\/p>\t\t\t\t\t\t<\/div>\n\t\t\t\t<\/div>\n\t\t\t\t\t<\/div>\n\t\t<\/div>\n\t\t\t\t\t<\/div>\n\t\t<\/section>\n\t\t\t\t<section class=\"elementor-section elementor-top-section elementor-element elementor-element-de6895d elementor-section-boxed elementor-section-height-default elementor-section-height-default\" data-id=\"de6895d\" data-element_type=\"section\" data-settings=\"{&quot;background_background&quot;:&quot;classic&quot;,&quot;_ha_eqh_enable&quot;:false}\">\n\t\t\t\t\t\t<div class=\"elementor-container elementor-column-gap-default\">\n\t\t\t\t\t<div class=\"elementor-column elementor-col-100 elementor-top-column elementor-element elementor-element-4c74648 elementor-invisible\" data-id=\"4c74648\" data-element_type=\"column\" data-settings=\"{&quot;animation&quot;:&quot;fadeInRight&quot;}\">\n\t\t\t<div class=\"elementor-widget-wrap elementor-element-populated\">\n\t\t\t\t\t\t<div class=\"elementor-element elementor-element-efe80ef elementor-widget elementor-widget-heading\" data-id=\"efe80ef\" data-element_type=\"widget\" data-widget_type=\"heading.default\">\n\t\t\t\t<div class=\"elementor-widget-container\">\n\t\t\t<h3 class=\"elementor-heading-title elementor-size-default\">Grupo de Trabajo Tem\u00e1tico en Adaptaci\u00f3n y Mitigaci\u00f3n<\/h3>\t\t<\/div>\n\t\t\t\t<\/div>\n\t\t\t\t<div class=\"elementor-element elementor-element-ae06d81 elementor-widget-divider--view-line elementor-widget elementor-widget-divider\" data-id=\"ae06d81\" data-element_type=\"widget\" data-widget_type=\"divider.default\">\n\t\t\t\t<div class=\"elementor-widget-container\">\n\t\t\t\t\t<div class=\"elementor-divider\">\n\t\t\t<span class=\"elementor-divider-separator\">\n\t\t\t\t\t\t<\/span>\n\t\t<\/div>\n\t\t\t\t<\/div>\n\t\t\t\t<\/div>\n\t\t\t\t<div class=\"elementor-element elementor-element-cb01f71 elementor-widget elementor-widget-text-editor\" data-id=\"cb01f71\" data-element_type=\"widget\" data-widget_type=\"text-editor.default\">\n\t\t\t\t<div class=\"elementor-widget-container\">\n\t\t\t\t\t\t\t<p>Es una red conformada alrededor de<strong> 40<\/strong> profesionales de los ministerios de agricultura de la regi\u00f3n, que trabaja de forma activa y colaborativa con el fin de contribuir al desarrollo de acciones de Adaptaci\u00f3n y Mitigaci\u00f3n.<\/p>\t\t\t\t\t\t<\/div>\n\t\t\t\t<\/div>\n\t\t\t\t\t<\/div>\n\t\t<\/div>\n\t\t\t\t\t<\/div>\n\t\t<\/section>\n\t\t\t\t<section class=\"elementor-section elementor-top-section elementor-element elementor-element-5a90dd1 elementor-section-boxed elementor-section-height-default elementor-section-height-default\" data-id=\"5a90dd1\" data-element_type=\"section\" data-settings=\"{&quot;background_background&quot;:&quot;classic&quot;,&quot;_ha_eqh_enable&quot;:false}\">\n\t\t\t\t\t\t<div class=\"elementor-container elementor-column-gap-default\">\n\t\t\t\t\t<div class=\"elementor-column elementor-col-100 elementor-top-column elementor-element elementor-element-3651543\" data-id=\"3651543\" data-element_type=\"column\">\n\t\t\t<div class=\"elementor-widget-wrap elementor-element-populated\">\n\t\t\t\t\t\t<div class=\"elementor-element elementor-element-600c39f elementor-widget elementor-widget-case27-listing-feed-widget\" data-id=\"600c39f\" data-element_type=\"widget\" data-widget_type=\"case27-listing-feed-widget.default\">\n\t\t\t\t<div class=\"elementor-widget-container\">\n\t\t\t\r\n\t<section class=\"i-section listing-feed \">\r\n\t\t<div class=\"container-fluid\">\r\n\t\t\t<div class=\"row section-body grid\">\r\n\t\t\t\t\t\t\t\t\t<div class=\"col-lg-4 col-md-4 col-sm-6 col-xs-12 grid-item\"><div\r\n    class=\"lf-item-container listing-preview type-real-estate-2 lf-list-view post-10558 job_listing type-job_listing status-publish hentry job_listing_category-repositorio tipo-de-recurso-documento reas-de-trabajo-transversal grupo-de-trabajo-adaptacion-y-mitigacion p-blico-objetivo-investigadores p-blico-objetivo-profesionales p-blico-objetivo-tomadores-de-decision  no-logo has-tagline has-info-fields level-normal priority-0\"\r\n    data-id=\"listing-id-10558\"\r\n    data-latitude=\"\"\r\n    data-longitude=\"\"\r\n    data-category-icon=\"\t\t\t&lt;i class=&quot;icon-temple-2&quot; style=&quot;color: #fff; background: #dd9933; &quot;&gt;&lt;\/i&gt;\r\n\t\t\"\r\n    data-category-color=\"#dd9933\"\r\n    data-category-text-color=\"#fff\"\r\n    data-thumbnail=\"https:\/\/accionclimaticaplaca.org\/wp-content\/themes\/my-listing\/assets\/images\/marker.jpg\"\r\n    data-template=\"list-view\"\r\n>\r\n<div class=\"lf-item lf-item-list-view\" data-template=\"list-view\">\r\n    <a href=\"https:\/\/accionclimaticaplaca.org\/es\/listing\/plan-de-trabajo-gtt1-25-26\/\">\r\n        <div class=\"lf-item-info\">\r\n            \r\n            <h4 class=\"case27-primary-text listing-preview-title\">\r\n                Plan de trabajo GTT1 2025-2026                            <\/h4>\r\n\r\n            \r\n<ul class=\"lf-contact\">\r\n\t            <li >\r\n            \t                \t<i class=\"fa fa-bullseye sm-icon\"><\/i>\r\n            \t                <strong>\u00c1rea:<\/strong>&nbsp;Transversal             <\/li>\r\n                    <li >\r\n            \t                \t<i class=\"mi group sm-icon\"><\/i>\r\n            \t                <strong>Grupo:<\/strong>&nbsp;Adaptaci\u00f3n y Mitigaci\u00f3n            <\/li>\r\n                    <li >\r\n            \t                \t<i class=\"fa fa-database sm-icon\"><\/i>\r\n            \t                <strong>Tipo:<\/strong>&nbsp;Documento            <\/li>\r\n        <\/ul>\r\n        <\/div>\r\n    <\/a>\r\n<\/div>\r\n\r\n<\/div>\r\n<\/div>\t\t\t\t\t\t\t\t\t<div class=\"col-lg-4 col-md-4 col-sm-6 col-xs-12 grid-item\"><div\r\n    class=\"lf-item-container listing-preview type-real-estate-2 lf-list-view post-9568 job_listing type-job_listing status-publish hentry job_listing_category-repositorio tipo-de-recurso-documento reas-de-trabajo-transversal grupo-de-trabajo-adaptacion-y-mitigacion p-blico-objetivo-investigadores p-blico-objetivo-profesionales p-blico-objetivo-tomadores-de-decision  no-logo has-tagline has-info-fields level-normal priority-0\"\r\n    data-id=\"listing-id-9568\"\r\n    data-latitude=\"\"\r\n    data-longitude=\"\"\r\n    data-category-icon=\"\t\t\t&lt;i class=&quot;icon-temple-2&quot; style=&quot;color: #fff; background: #dd9933; &quot;&gt;&lt;\/i&gt;\r\n\t\t\"\r\n    data-category-color=\"#dd9933\"\r\n    data-category-text-color=\"#fff\"\r\n    data-thumbnail=\"https:\/\/accionclimaticaplaca.org\/wp-content\/themes\/my-listing\/assets\/images\/marker.jpg\"\r\n    data-template=\"list-view\"\r\n>\r\n<div class=\"lf-item lf-item-list-view\" data-template=\"list-view\">\r\n    <a href=\"https:\/\/accionclimaticaplaca.org\/es\/listing\/plan-de-trabajo-gtt1-2021\/\">\r\n        <div class=\"lf-item-info\">\r\n            \r\n            <h4 class=\"case27-primary-text listing-preview-title\">\r\n                Plan de trabajo GTT1 2021                            <\/h4>\r\n\r\n            \r\n<ul class=\"lf-contact\">\r\n\t            <li >\r\n            \t                \t<i class=\"fa fa-bullseye sm-icon\"><\/i>\r\n            \t                <strong>\u00c1rea:<\/strong>&nbsp;Transversal             <\/li>\r\n                    <li >\r\n            \t                \t<i class=\"mi group sm-icon\"><\/i>\r\n            \t                <strong>Grupo:<\/strong>&nbsp;Adaptaci\u00f3n y Mitigaci\u00f3n            <\/li>\r\n                    <li >\r\n            \t                \t<i class=\"fa fa-database sm-icon\"><\/i>\r\n            \t                <strong>Tipo:<\/strong>&nbsp;Documento            <\/li>\r\n        <\/ul>\r\n        <\/div>\r\n    <\/a>\r\n<\/div>\r\n\r\n<\/div>\r\n<\/div>\t\t\t\t\t\t\t\t\t<div class=\"col-lg-4 col-md-4 col-sm-6 col-xs-12 grid-item\"><div\r\n    class=\"lf-item-container listing-preview type-real-estate-2 lf-list-view post-9233 job_listing type-job_listing status-publish hentry job_listing_category-fichas job_listing_category-repositorio region-argentina region-brasil region-chile region-costa-rica region-guatemala region-mexico region-peru region-republica-dominicana region-uruguay tipo-de-recurso-documento reas-de-trabajo-ganaderia grupo-de-trabajo-adaptacion-y-mitigacion p-blico-objetivo-extensionistas p-blico-objetivo-investigadores p-blico-objetivo-productores p-blico-objetivo-profesionales p-blico-objetivo-tomadores-de-decision  no-logo has-tagline has-info-fields level-normal priority-0\"\r\n    data-id=\"listing-id-9233\"\r\n    data-latitude=\"\"\r\n    data-longitude=\"\"\r\n    data-category-icon=\"\t\t\t&lt;i class=&quot;mi bookmark_border&quot; style=&quot;color: #fff; background: #74c3d5; &quot;&gt;&lt;\/i&gt;\r\n\t\t\"\r\n    data-category-color=\"#74c3d5\"\r\n    data-category-text-color=\"#fff\"\r\n    data-thumbnail=\"https:\/\/accionclimaticaplaca.org\/wp-content\/themes\/my-listing\/assets\/images\/marker.jpg\"\r\n    data-template=\"list-view\"\r\n>\r\n<div class=\"lf-item lf-item-list-view\" data-template=\"list-view\">\r\n    <a href=\"https:\/\/accionclimaticaplaca.org\/es\/listing\/estrategia-general-para-los-paises-placa-de-apoyo-a-la-mejora-de-niveles-tier-y-metodologias-empleadas-analisis-en-las-categorias-prioritarias-de-sus-inventarios-gei-ganaderos\/\">\r\n        <div class=\"lf-item-info\">\r\n            \r\n            <h4 class=\"case27-primary-text listing-preview-title\">\r\n                Estrategia general para los pa\u00edses PLACA de apoyo a la mejora de niveles tier y metodolog\u00edas empleadas: an\u00e1lisis en las categor\u00edas prioritarias de sus inventarios GEI ganaderos                            <\/h4>\r\n\r\n            \r\n<ul class=\"lf-contact\">\r\n\t            <li >\r\n            \t                \t<i class=\"fa fa-bullseye sm-icon\"><\/i>\r\n            \t                <strong>\u00c1rea:<\/strong>&nbsp;Ganader\u00eda             <\/li>\r\n                    <li >\r\n            \t                \t<i class=\"mi group sm-icon\"><\/i>\r\n            \t                <strong>Grupo:<\/strong>&nbsp;Adaptaci\u00f3n y Mitigaci\u00f3n            <\/li>\r\n                    <li >\r\n            \t                \t<i class=\"mi flag sm-icon\"><\/i>\r\n            \t                <strong>Pa\u00eds:<\/strong>&nbsp;Argentina, Brasil, Chile, Costa Rica, Guatemala, Per\u00fa, Uruguay, M\u00e9xico, Rep\u00fablica Dominicana             <\/li>\r\n                    <li >\r\n            \t                \t<i class=\"fa fa-database sm-icon\"><\/i>\r\n            \t                <strong>Tipo:<\/strong>&nbsp;Documento            <\/li>\r\n        <\/ul>\r\n        <\/div>\r\n    <\/a>\r\n<\/div>\r\n\r\n<\/div>\r\n<\/div>\t\t\t\t\t\t\t\t\t<div class=\"col-lg-4 col-md-4 col-sm-6 col-xs-12 grid-item\"><div\r\n    class=\"lf-item-container listing-preview type-real-estate-2 lf-list-view post-9231 job_listing type-job_listing status-publish hentry job_listing_category-fichas job_listing_category-repositorio region-argentina region-brasil region-chile region-costa-rica region-guatemala region-mexico region-peru region-republica-dominicana region-uruguay tipo-de-recurso-documento reas-de-trabajo-ganaderia grupo-de-trabajo-adaptacion-y-mitigacion p-blico-objetivo-extensionistas p-blico-objetivo-investigadores p-blico-objetivo-productores p-blico-objetivo-profesionales p-blico-objetivo-tomadores-de-decision  no-logo has-tagline has-info-fields level-normal priority-0\"\r\n    data-id=\"listing-id-9231\"\r\n    data-latitude=\"\"\r\n    data-longitude=\"\"\r\n    data-category-icon=\"\t\t\t&lt;i class=&quot;mi bookmark_border&quot; style=&quot;color: #fff; background: #74c3d5; &quot;&gt;&lt;\/i&gt;\r\n\t\t\"\r\n    data-category-color=\"#74c3d5\"\r\n    data-category-text-color=\"#fff\"\r\n    data-thumbnail=\"https:\/\/accionclimaticaplaca.org\/wp-content\/themes\/my-listing\/assets\/images\/marker.jpg\"\r\n    data-template=\"list-view\"\r\n>\r\n<div class=\"lf-item lf-item-list-view\" data-template=\"list-view\">\r\n    <a href=\"https:\/\/accionclimaticaplaca.org\/es\/listing\/principales-resultados-de-los-enfoques-de-niveles-tier-utilizados-por-los-paises-placa-en-sus-inventarios-de-gei-ganaderos\/\">\r\n        <div class=\"lf-item-info\">\r\n            \r\n            <h4 class=\"case27-primary-text listing-preview-title\">\r\n                Principales resultados de los enfoques de niveles tier utilizados por los pa\u00edses PLACA en sus inventarios de GEI ganaderos: apoyo a la gesti\u00f3n de informaci\u00f3n con relaci\u00f3n a las necesidades de mejora                            <\/h4>\r\n\r\n            \r\n<ul class=\"lf-contact\">\r\n\t            <li >\r\n            \t                \t<i class=\"fa fa-bullseye sm-icon\"><\/i>\r\n            \t                <strong>\u00c1rea:<\/strong>&nbsp;Ganader\u00eda             <\/li>\r\n                    <li >\r\n            \t                \t<i class=\"mi group sm-icon\"><\/i>\r\n            \t                <strong>Grupo:<\/strong>&nbsp;Adaptaci\u00f3n y Mitigaci\u00f3n            <\/li>\r\n                    <li >\r\n            \t                \t<i class=\"mi flag sm-icon\"><\/i>\r\n            \t                <strong>Pa\u00eds:<\/strong>&nbsp;M\u00e9xico, Argentina, Brasil, Chile, Costa Rica, Guatemala, Per\u00fa, Uruguay, Rep\u00fablica Dominicana             <\/li>\r\n                    <li >\r\n            \t                \t<i class=\"fa fa-database sm-icon\"><\/i>\r\n            \t                <strong>Tipo:<\/strong>&nbsp;Documento            <\/li>\r\n        <\/ul>\r\n        <\/div>\r\n    <\/a>\r\n<\/div>\r\n\r\n<\/div>\r\n<\/div>\t\t\t\t\t\t\t\t\t<div class=\"col-lg-4 col-md-4 col-sm-6 col-xs-12 grid-item\"><div\r\n    class=\"lf-item-container listing-preview type-real-estate-2 lf-list-view post-8533 job_listing type-job_listing status-publish hentry job_listing_category-fichas job_listing_category-repositorio region-argentina region-brasil region-chile region-costa-rica region-guatemala region-mexico region-peru region-republica-dominicana region-uruguay tipo-de-recurso-documento reas-de-trabajo-ganaderia grupo-de-trabajo-adaptacion-y-mitigacion grupo-de-trabajo-placa p-blico-objetivo-extensionistas p-blico-objetivo-investigadores p-blico-objetivo-productores p-blico-objetivo-profesionales p-blico-objetivo-tomadores-de-decision  no-logo has-tagline has-info-fields level-normal priority-0\"\r\n    data-id=\"listing-id-8533\"\r\n    data-latitude=\"\"\r\n    data-longitude=\"\"\r\n    data-category-icon=\"\t\t\t&lt;i class=&quot;mi bookmark_border&quot; style=&quot;color: #fff; background: #74c3d5; &quot;&gt;&lt;\/i&gt;\r\n\t\t\"\r\n    data-category-color=\"#74c3d5\"\r\n    data-category-text-color=\"#fff\"\r\n    data-thumbnail=\"https:\/\/accionclimaticaplaca.org\/wp-content\/themes\/my-listing\/assets\/images\/marker.jpg\"\r\n    data-template=\"list-view\"\r\n>\r\n<div class=\"lf-item lf-item-list-view\" data-template=\"list-view\">\r\n    <a href=\"https:\/\/accionclimaticaplaca.org\/es\/listing\/infografia-principales-resultados-de-los-enfoques-de-niveles-tier\/\">\r\n        <div class=\"lf-item-info\">\r\n            \r\n            <h4 class=\"case27-primary-text listing-preview-title\">\r\n                Infograf\u00eda - Principales Resultados de los Enfoques de Niveles TIER                            <\/h4>\r\n\r\n            \r\n<ul class=\"lf-contact\">\r\n\t            <li >\r\n            \t                \t<i class=\"fa fa-bullseye sm-icon\"><\/i>\r\n            \t                <strong>\u00c1rea:<\/strong>&nbsp;Ganader\u00eda             <\/li>\r\n                    <li >\r\n            \t                \t<i class=\"mi group sm-icon\"><\/i>\r\n            \t                <strong>Grupo:<\/strong>&nbsp;Adaptaci\u00f3n y Mitigaci\u00f3n, PLACA            <\/li>\r\n                    <li >\r\n            \t                \t<i class=\"mi flag sm-icon\"><\/i>\r\n            \t                <strong>Pa\u00eds:<\/strong>&nbsp;Argentina, Brasil, Chile, Costa Rica, Guatemala, Per\u00fa, Uruguay, M\u00e9xico, Rep\u00fablica Dominicana             <\/li>\r\n                    <li >\r\n            \t                \t<i class=\"fa fa-database sm-icon\"><\/i>\r\n            \t                <strong>Tipo:<\/strong>&nbsp;Documento            <\/li>\r\n        <\/ul>\r\n        <\/div>\r\n    <\/a>\r\n<\/div>\r\n\r\n<\/div>\r\n<\/div>\t\t\t\t\t\t\t\t\t<div class=\"col-lg-4 col-md-4 col-sm-6 col-xs-12 grid-item\"><div\r\n    class=\"lf-item-container listing-preview type-real-estate-2 lf-list-view post-7815 job_listing type-job_listing status-publish hentry job_listing_category-fichas job_listing_category-repositorio region-argentina region-brasil region-chile region-costa-rica region-guatemala region-mexico region-peru region-uruguay tipo-de-recurso-documento reas-de-trabajo-transversal grupo-de-trabajo-adaptacion-y-mitigacion grupo-de-trabajo-gestion-de-conocimiento grupo-de-trabajo-investigacion-desarrollo-e-innovacion-tecnologica grupo-de-trabajo-placa grupo-de-trabajo-politicas-publicas p-blico-objetivo-extensionistas p-blico-objetivo-investigadores p-blico-objetivo-productores p-blico-objetivo-profesionales p-blico-objetivo-tomadores-de-decision  no-logo has-tagline has-info-fields level-normal priority-0\"\r\n    data-id=\"listing-id-7815\"\r\n    data-latitude=\"\"\r\n    data-longitude=\"\"\r\n    data-category-icon=\"\t\t\t&lt;i class=&quot;mi bookmark_border&quot; style=&quot;color: #fff; background: #74c3d5; &quot;&gt;&lt;\/i&gt;\r\n\t\t\"\r\n    data-category-color=\"#74c3d5\"\r\n    data-category-text-color=\"#fff\"\r\n    data-thumbnail=\"https:\/\/accionclimaticaplaca.org\/wp-content\/themes\/my-listing\/assets\/images\/marker.jpg\"\r\n    data-template=\"list-view\"\r\n>\r\n<div class=\"lf-item lf-item-list-view\" data-template=\"list-view\">\r\n    <a href=\"https:\/\/accionclimaticaplaca.org\/es\/listing\/fichas-experiencias-de-asesoria-tecnica-y-extension-rural-uc-davis\/\">\r\n        <div class=\"lf-item-info\">\r\n            \r\n            <h4 class=\"case27-primary-text listing-preview-title\">\r\n                Fichas - Experiencias de Asesor\u00eda T\u00e9cnica y Extensi\u00f3n Rural. UC Davis                            <\/h4>\r\n\r\n            \r\n<ul class=\"lf-contact\">\r\n\t            <li >\r\n            \t                \t<i class=\"fa fa-bullseye sm-icon\"><\/i>\r\n            \t                <strong>\u00c1rea:<\/strong>&nbsp;Transversal             <\/li>\r\n                    <li >\r\n            \t                \t<i class=\"mi group sm-icon\"><\/i>\r\n            \t                <strong>Grupo:<\/strong>&nbsp;Adaptaci\u00f3n y Mitigaci\u00f3n, Gesti\u00f3n de Conocimiento, Investigaci\u00f3n, PLACA, Pol\u00edticas P\u00fablicas            <\/li>\r\n                    <li >\r\n            \t                \t<i class=\"mi flag sm-icon\"><\/i>\r\n            \t                <strong>Pa\u00eds:<\/strong>&nbsp;Brasil, Chile, Costa Rica, Guatemala, Per\u00fa, Uruguay, M\u00e9xico, Argentina             <\/li>\r\n                    <li >\r\n            \t                \t<i class=\"fa fa-database sm-icon\"><\/i>\r\n            \t                <strong>Tipo:<\/strong>&nbsp;Documento            <\/li>\r\n        <\/ul>\r\n        <\/div>\r\n    <\/a>\r\n<\/div>\r\n\r\n<\/div>\r\n<\/div>\t\t\t\t\t\t\t<\/div>\r\n\t\t<\/div>\r\n\t<\/section>\r\n\r\n\t\t<\/div>\n\t\t\t\t<\/div>\n\t\t\t\t\t<\/div>\n\t\t<\/div>\n\t\t\t\t\t<\/div>\n\t\t<\/section>\n\t\t\t\t<section class=\"elementor-section elementor-top-section elementor-element elementor-element-2303cbd elementor-section-boxed elementor-section-height-default elementor-section-height-default\" data-id=\"2303cbd\" data-element_type=\"section\" data-settings=\"{&quot;_ha_eqh_enable&quot;:false}\">\n\t\t\t\t\t\t<div class=\"elementor-container elementor-column-gap-default\">\n\t\t\t\t\t<div class=\"elementor-column elementor-col-100 elementor-top-column elementor-element elementor-element-2761dc7\" data-id=\"2761dc7\" data-element_type=\"column\">\n\t\t\t<div class=\"elementor-widget-wrap elementor-element-populated\">\n\t\t\t\t\t\t<div class=\"elementor-element elementor-element-14d51c7 elementor-widget elementor-widget-heading\" data-id=\"14d51c7\" data-element_type=\"widget\" data-widget_type=\"heading.default\">\n\t\t\t\t<div class=\"elementor-widget-container\">\n\t\t\t<h3 class=\"elementor-heading-title elementor-size-default\">Eventos<\/h3>\t\t<\/div>\n\t\t\t\t<\/div>\n\t\t\t\t<div class=\"elementor-element elementor-element-b400064 elementor-widget-divider--view-line elementor-widget elementor-widget-divider\" data-id=\"b400064\" data-element_type=\"widget\" data-widget_type=\"divider.default\">\n\t\t\t\t<div class=\"elementor-widget-container\">\n\t\t\t\t\t<div class=\"elementor-divider\">\n\t\t\t<span class=\"elementor-divider-separator\">\n\t\t\t\t\t\t<\/span>\n\t\t<\/div>\n\t\t\t\t<\/div>\n\t\t\t\t<\/div>\n\t\t\t\t<div class=\"elementor-element elementor-element-ea23f3f elementor-widget elementor-widget-case27-listing-feed-widget\" data-id=\"ea23f3f\" data-element_type=\"widget\" data-widget_type=\"case27-listing-feed-widget.default\">\n\t\t\t\t<div class=\"elementor-widget-container\">\n\t\t\t\r\n\t<section class=\"i-section listing-feed \">\r\n\t\t<div class=\"container-fluid\">\r\n\t\t\t<div class=\"row section-body grid\">\r\n\t\t\t\t\t\t\t\t\t<div class=\"col-lg-4 col-md-4 col-sm-6 col-xs-12 grid-item\"><div\r\n    class=\"lf-item-container listing-preview type-event  post-9970 job_listing type-job_listing status-publish hentry job_listing_category-evento grupo-de-trabajo-adaptacion-y-mitigacion grupo-de-trabajo-placa job_position_featured no-logo has-tagline no-info-fields level-promoted priority-68\"\r\n    data-id=\"listing-id-9970\"\r\n    data-latitude=\"\"\r\n    data-longitude=\"\"\r\n    data-category-icon=\"\t\t\t&lt;i class=&quot;icon-glass-cocktail-2&quot; style=&quot;color: #fff; background: #f24286; &quot;&gt;&lt;\/i&gt;\r\n\t\t\"\r\n    data-category-color=\"#f24286\"\r\n    data-category-text-color=\"#fff\"\r\n    data-thumbnail=\"https:\/\/accionclimaticaplaca.org\/wp-content\/themes\/my-listing\/assets\/images\/marker.jpg\"\r\n    data-template=\"default\"\r\n>\r\n<div class=\"lf-item lf-item-default\" data-template=\"default\">\r\n    <a href=\"https:\/\/accionclimaticaplaca.org\/es\/listing\/politicas-y-estrategias-nacionales-para-la-participacion-en-mercados-de-carbono\/\">\r\n\r\n        <div class=\"overlay\" style=\"\r\n    background-color: #242429;\r\n    opacity: 0.4;\r\n\"><\/div>\r\n        \r\n                    <div class=\"lf-background\" style=\"background-image: url('https:\/\/accionclimaticaplaca.org\/wp-content\/uploads\/2024\/08\/MercadosDeCarbono-768x576.jpg');\"><\/div>\r\n        \r\n        <div class=\"lf-item-info\">\r\n            \r\n            <h4 class=\"case27-primary-text listing-preview-title\">\r\n                Pol\u00edticas y estrategias nacionales para la participaci\u00f3n en Mercados de Carbono: desaf\u00edos para el sector agr\u00edcola en un contexto de cambio clim\u00e1tico                            <\/h4>\r\n\r\n                    <\/div>\r\n\r\n        <div class=\"lf-head level-promoted\">\r\n            <div class=\"lf-head-btn ad-badge\" data-toggle=\"tooltip\" data-placement=\"bottom\"\r\n            data-original-title=\"Promovido\">\r\n            <span><i class=\"icon-flash\"><\/i><\/span>\r\n        <\/div>\r\n    \r\n    <\/div>    <\/a>\r\n\r\n    <\/div>\r\n\r\n        <div class=\"listing-details-3 c27-footer-section\">\r\n            <ul class=\"details-list\">\r\n                                        <li class=\"\"  >\r\n                                                            <i class=\"mi album\"><\/i>\r\n                                                        <span>Adaptaci\u00f3n y Mitigaci\u00f3n, PLACA <\/span>\r\n                        <\/li>\r\n                                            <li class=\"\"  >\r\n                                                            <i class=\"mi event_available\"><\/i>\r\n                                                        <span><a href=\"https:\/\/youtu.be\/wky-auM1AbA\" target=\"_blank\">Evento<\/a><\/span>\r\n                        <\/li>\r\n                                <\/ul>\r\n        <\/div>\r\n        <\/div>\r\n<\/div>\t\t\t\t\t\t\t\t\t<div class=\"col-lg-4 col-md-4 col-sm-6 col-xs-12 grid-item\"><div\r\n    class=\"lf-item-container listing-preview type-event  post-9713 job_listing type-job_listing status-publish hentry job_listing_category-evento grupo-de-trabajo-adaptacion-y-mitigacion job_position_featured no-logo has-tagline no-info-fields level-promoted priority-65\"\r\n    data-id=\"listing-id-9713\"\r\n    data-latitude=\"\"\r\n    data-longitude=\"\"\r\n    data-category-icon=\"\t\t\t&lt;i class=&quot;icon-glass-cocktail-2&quot; style=&quot;color: #fff; background: #f24286; &quot;&gt;&lt;\/i&gt;\r\n\t\t\"\r\n    data-category-color=\"#f24286\"\r\n    data-category-text-color=\"#fff\"\r\n    data-thumbnail=\"https:\/\/accionclimaticaplaca.org\/wp-content\/themes\/my-listing\/assets\/images\/marker.jpg\"\r\n    data-template=\"default\"\r\n>\r\n<div class=\"lf-item lf-item-default\" data-template=\"default\">\r\n    <a href=\"https:\/\/accionclimaticaplaca.org\/es\/listing\/experiencias-de-implementacion-de-medidas-de-adaptacion-y-mitigacion\/\">\r\n\r\n        <div class=\"overlay\" style=\"\r\n    background-color: #242429;\r\n    opacity: 0.4;\r\n\"><\/div>\r\n        \r\n                    <div class=\"lf-background\" style=\"background-image: url('https:\/\/accionclimaticaplaca.org\/wp-content\/uploads\/2024\/06\/51689856219_f5063116d8_k-768x512.jpg');\"><\/div>\r\n        \r\n        <div class=\"lf-item-info\">\r\n            \r\n            <h4 class=\"case27-primary-text listing-preview-title\">\r\n                Experiencias de Implementaci\u00f3n de Medidas de Adaptaci\u00f3n y Mitigaci\u00f3n. Indicadores de Desempe\u00f1o                            <\/h4>\r\n\r\n                    <\/div>\r\n\r\n        <div class=\"lf-head level-promoted\">\r\n            <div class=\"lf-head-btn ad-badge\" data-toggle=\"tooltip\" data-placement=\"bottom\"\r\n            data-original-title=\"Promovido\">\r\n            <span><i class=\"icon-flash\"><\/i><\/span>\r\n        <\/div>\r\n    \r\n    <\/div>    <\/a>\r\n\r\n    <\/div>\r\n\r\n        <div class=\"listing-details-3 c27-footer-section\">\r\n            <ul class=\"details-list\">\r\n                                        <li class=\"\"  >\r\n                                                            <i class=\"mi album\"><\/i>\r\n                                                        <span>Adaptaci\u00f3n y Mitigaci\u00f3n <\/span>\r\n                        <\/li>\r\n                                            <li class=\"\"  >\r\n                                                            <i class=\"mi event_available\"><\/i>\r\n                                                        <span><a href=\"https:\/\/youtu.be\/hINhoB52eG4\" target=\"_blank\">Evento<\/a><\/span>\r\n                        <\/li>\r\n                                <\/ul>\r\n        <\/div>\r\n        <\/div>\r\n<\/div>\t\t\t\t\t\t\t\t\t<div class=\"col-lg-4 col-md-4 col-sm-6 col-xs-12 grid-item\"><div\r\n    class=\"lf-item-container listing-preview type-event  post-8535 job_listing type-job_listing status-publish hentry job_listing_category-evento grupo-de-trabajo-adaptacion-y-mitigacion grupo-de-trabajo-gestion-de-conocimiento grupo-de-trabajo-investigacion-desarrollo-e-innovacion-tecnologica grupo-de-trabajo-politicas-publicas job_position_featured no-logo has-tagline no-info-fields level-promoted priority-39\"\r\n    data-id=\"listing-id-8535\"\r\n    data-latitude=\"\"\r\n    data-longitude=\"\"\r\n    data-category-icon=\"\t\t\t&lt;i class=&quot;icon-glass-cocktail-2&quot; style=&quot;color: #fff; background: #f24286; &quot;&gt;&lt;\/i&gt;\r\n\t\t\"\r\n    data-category-color=\"#f24286\"\r\n    data-category-text-color=\"#fff\"\r\n    data-thumbnail=\"https:\/\/accionclimaticaplaca.org\/wp-content\/themes\/my-listing\/assets\/images\/marker.jpg\"\r\n    data-template=\"default\"\r\n>\r\n<div class=\"lf-item lf-item-default\" data-template=\"default\">\r\n    <a href=\"https:\/\/accionclimaticaplaca.org\/es\/listing\/escenarios-de-impacto-fenomeno-el-nino-y-condiciones-actuales-de-sequia-en-alc\/\">\r\n\r\n        <div class=\"overlay\" style=\"\r\n    background-color: #242429;\r\n    opacity: 0.4;\r\n\"><\/div>\r\n        \r\n                    <div class=\"lf-background\" style=\"background-image: url('https:\/\/accionclimaticaplaca.org\/wp-content\/uploads\/2023\/11\/Sequia-768x576.jpg');\"><\/div>\r\n        \r\n        <div class=\"lf-item-info\">\r\n            \r\n            <h4 class=\"case27-primary-text listing-preview-title\">\r\n                Escenarios de Impacto del Fen\u00f3meno de El Ni\u00f1o y Condiciones Actuales de Sequ\u00eda en Am\u00e9rica Latina y el Caribe                            <\/h4>\r\n\r\n                    <\/div>\r\n\r\n        <div class=\"lf-head level-promoted\">\r\n            <div class=\"lf-head-btn ad-badge\" data-toggle=\"tooltip\" data-placement=\"bottom\"\r\n            data-original-title=\"Promovido\">\r\n            <span><i class=\"icon-flash\"><\/i><\/span>\r\n        <\/div>\r\n    \r\n    <\/div>    <\/a>\r\n\r\n    <\/div>\r\n\r\n        <div class=\"listing-details-3 c27-footer-section\">\r\n            <ul class=\"details-list\">\r\n                                        <li class=\"\"  >\r\n                                                            <i class=\"mi album\"><\/i>\r\n                                                        <span>Adaptaci\u00f3n y Mitigaci\u00f3n, Gesti\u00f3n de Conocimiento, Investigaci\u00f3n, Pol\u00edticas P\u00fablicas <\/span>\r\n                        <\/li>\r\n                                            <li class=\"\"  >\r\n                                                            <i class=\"mi event_available\"><\/i>\r\n                                                        <span><a href=\"https:\/\/youtu.be\/qdS_Ot5syxE\" target=\"_blank\">Evento<\/a><\/span>\r\n                        <\/li>\r\n                                <\/ul>\r\n        <\/div>\r\n        <\/div>\r\n<\/div>\t\t\t\t\t\t\t\t\t<div class=\"col-lg-4 col-md-4 col-sm-6 col-xs-12 grid-item\"><div\r\n    class=\"lf-item-container listing-preview type-event  post-8357 job_listing type-job_listing status-publish hentry job_listing_category-evento grupo-de-trabajo-adaptacion-y-mitigacion job_position_featured no-logo has-tagline no-info-fields level-promoted priority-29\"\r\n    data-id=\"listing-id-8357\"\r\n    data-latitude=\"\"\r\n    data-longitude=\"\"\r\n    data-category-icon=\"\t\t\t&lt;i class=&quot;icon-glass-cocktail-2&quot; style=&quot;color: #fff; background: #f24286; &quot;&gt;&lt;\/i&gt;\r\n\t\t\"\r\n    data-category-color=\"#f24286\"\r\n    data-category-text-color=\"#fff\"\r\n    data-thumbnail=\"https:\/\/accionclimaticaplaca.org\/wp-content\/themes\/my-listing\/assets\/images\/marker.jpg\"\r\n    data-template=\"default\"\r\n>\r\n<div class=\"lf-item lf-item-default\" data-template=\"default\">\r\n    <a href=\"https:\/\/accionclimaticaplaca.org\/es\/listing\/metas-globales-de-adaptacion\/\">\r\n\r\n        <div class=\"overlay\" style=\"\r\n    background-color: #242429;\r\n    opacity: 0.4;\r\n\"><\/div>\r\n        \r\n                    <div class=\"lf-background\" style=\"background-image: url('https:\/\/accionclimaticaplaca.org\/wp-content\/uploads\/2023\/10\/Captura-de-pantalla-2023-10-12-190042-768x432.png');\"><\/div>\r\n        \r\n        <div class=\"lf-item-info\">\r\n            \r\n            <h4 class=\"case27-primary-text listing-preview-title\">\r\n                Metas Globales de Adaptaci\u00f3n en el Marco de las Negociaciones de la CMNUCC                            <\/h4>\r\n\r\n                    <\/div>\r\n\r\n        <div class=\"lf-head level-promoted\">\r\n            <div class=\"lf-head-btn ad-badge\" data-toggle=\"tooltip\" data-placement=\"bottom\"\r\n            data-original-title=\"Promovido\">\r\n            <span><i class=\"icon-flash\"><\/i><\/span>\r\n        <\/div>\r\n    \r\n    <\/div>    <\/a>\r\n\r\n    <\/div>\r\n\r\n        <div class=\"listing-details-3 c27-footer-section\">\r\n            <ul class=\"details-list\">\r\n                                        <li class=\"\"  >\r\n                                                            <i class=\"mi album\"><\/i>\r\n                                                        <span>Adaptaci\u00f3n y Mitigaci\u00f3n <\/span>\r\n                        <\/li>\r\n                                            <li class=\"\"  >\r\n                                                            <i class=\"mi event_available\"><\/i>\r\n                                                        <span><a href=\"https:\/\/youtu.be\/4916iuxV4_Y\" target=\"_blank\">Evento<\/a><\/span>\r\n                        <\/li>\r\n                                <\/ul>\r\n        <\/div>\r\n        <\/div>\r\n<\/div>\t\t\t\t\t\t\t\t\t<div class=\"col-lg-4 col-md-4 col-sm-6 col-xs-12 grid-item\"><div\r\n    class=\"lf-item-container listing-preview type-event  post-8163 job_listing type-job_listing status-publish hentry job_listing_category-evento grupo-de-trabajo-adaptacion-y-mitigacion grupo-de-trabajo-politicas-publicas job_position_featured no-logo has-tagline no-info-fields level-promoted priority-25\"\r\n    data-id=\"listing-id-8163\"\r\n    data-latitude=\"\"\r\n    data-longitude=\"\"\r\n    data-category-icon=\"\t\t\t&lt;i class=&quot;icon-glass-cocktail-2&quot; style=&quot;color: #fff; background: #f24286; &quot;&gt;&lt;\/i&gt;\r\n\t\t\"\r\n    data-category-color=\"#f24286\"\r\n    data-category-text-color=\"#fff\"\r\n    data-thumbnail=\"https:\/\/accionclimaticaplaca.org\/wp-content\/themes\/my-listing\/assets\/images\/marker.jpg\"\r\n    data-template=\"default\"\r\n>\r\n<div class=\"lf-item lf-item-default\" data-template=\"default\">\r\n    <a href=\"https:\/\/accionclimaticaplaca.org\/es\/listing\/procesos-y-lecciones-aprendidas-de-los-planes-de-adaptacion-del-sector-agropecuario-3-mexico-y-paraguay\/\">\r\n\r\n        <div class=\"overlay\" style=\"\r\n    background-color: #242429;\r\n    opacity: 0.4;\r\n\"><\/div>\r\n        \r\n                    <div class=\"lf-background\" style=\"background-image: url('https:\/\/accionclimaticaplaca.org\/wp-content\/uploads\/2023\/09\/Paisaje-Mexico-768x576.jpg');\"><\/div>\r\n        \r\n        <div class=\"lf-item-info\">\r\n            \r\n            <h4 class=\"case27-primary-text listing-preview-title\">\r\n                Procesos y Lecciones Aprendidas de los Planes de Adaptaci\u00f3n del Sector Agropecuario 3 - M\u00e9xico y Paraguay                            <\/h4>\r\n\r\n                    <\/div>\r\n\r\n        <div class=\"lf-head level-promoted\">\r\n            <div class=\"lf-head-btn ad-badge\" data-toggle=\"tooltip\" data-placement=\"bottom\"\r\n            data-original-title=\"Promovido\">\r\n            <span><i class=\"icon-flash\"><\/i><\/span>\r\n        <\/div>\r\n    \r\n    <\/div>    <\/a>\r\n\r\n    <\/div>\r\n\r\n        <div class=\"listing-details-3 c27-footer-section\">\r\n            <ul class=\"details-list\">\r\n                                        <li class=\"\"  >\r\n                                                            <i class=\"mi album\"><\/i>\r\n                                                        <span>Adaptaci\u00f3n y Mitigaci\u00f3n, Pol\u00edticas P\u00fablicas <\/span>\r\n                        <\/li>\r\n                                            <li class=\"\"  >\r\n                                                            <i class=\"mi event_available\"><\/i>\r\n                                                        <span><a href=\"https:\/\/youtu.be\/emWGH775i7k\" target=\"_blank\">Evento<\/a><\/span>\r\n                        <\/li>\r\n                                <\/ul>\r\n        <\/div>\r\n        <\/div>\r\n<\/div>\t\t\t\t\t\t\t\t\t<div class=\"col-lg-4 col-md-4 col-sm-6 col-xs-12 grid-item\"><div\r\n    class=\"lf-item-container listing-preview type-event  post-7826 job_listing type-job_listing status-publish hentry job_listing_category-evento grupo-de-trabajo-adaptacion-y-mitigacion grupo-de-trabajo-politicas-publicas job_position_featured no-logo has-tagline no-info-fields level-promoted priority-20\"\r\n    data-id=\"listing-id-7826\"\r\n    data-latitude=\"\"\r\n    data-longitude=\"\"\r\n    data-category-icon=\"\t\t\t&lt;i class=&quot;icon-glass-cocktail-2&quot; style=&quot;color: #fff; background: #f24286; &quot;&gt;&lt;\/i&gt;\r\n\t\t\"\r\n    data-category-color=\"#f24286\"\r\n    data-category-text-color=\"#fff\"\r\n    data-thumbnail=\"https:\/\/accionclimaticaplaca.org\/wp-content\/themes\/my-listing\/assets\/images\/marker.jpg\"\r\n    data-template=\"default\"\r\n>\r\n<div class=\"lf-item lf-item-default\" data-template=\"default\">\r\n    <a href=\"https:\/\/accionclimaticaplaca.org\/es\/listing\/planes-de-adaptacion-del-sector-agropecuario-argentina-y-ecuador\/\">\r\n\r\n        <div class=\"overlay\" style=\"\r\n    background-color: #242429;\r\n    opacity: 0.4;\r\n\"><\/div>\r\n        \r\n                    <div class=\"lf-background\" style=\"background-image: url('https:\/\/accionclimaticaplaca.org\/wp-content\/uploads\/2023\/08\/Volcan-Ecuador-768x432.jpg');\"><\/div>\r\n        \r\n        <div class=\"lf-item-info\">\r\n            \r\n            <h4 class=\"case27-primary-text listing-preview-title\">\r\n                Procesos y Lecciones Aprendidas de los Planes de Adaptaci\u00f3n del Sector Agropecuario 2 - Argentina y Ecuador                            <\/h4>\r\n\r\n                    <\/div>\r\n\r\n        <div class=\"lf-head level-promoted\">\r\n            <div class=\"lf-head-btn ad-badge\" data-toggle=\"tooltip\" data-placement=\"bottom\"\r\n            data-original-title=\"Promovido\">\r\n            <span><i class=\"icon-flash\"><\/i><\/span>\r\n        <\/div>\r\n    \r\n    <\/div>    <\/a>\r\n\r\n    <\/div>\r\n\r\n        <div class=\"listing-details-3 c27-footer-section\">\r\n            <ul class=\"details-list\">\r\n                                        <li class=\"\"  >\r\n                                                            <i class=\"mi album\"><\/i>\r\n                                                        <span>Adaptaci\u00f3n y Mitigaci\u00f3n, Pol\u00edticas P\u00fablicas <\/span>\r\n                        <\/li>\r\n                                            <li class=\"\"  >\r\n                                                            <i class=\"mi event_available\"><\/i>\r\n                                                        <span><a href=\"https:\/\/youtu.be\/oepJa0FwFjA\" target=\"_blank\">Evento<\/a><\/span>\r\n                        <\/li>\r\n                                <\/ul>\r\n        <\/div>\r\n        <\/div>\r\n<\/div>\t\t\t\t\t\t\t<\/div>\r\n\t\t<\/div>\r\n\t<\/section>\r\n\r\n\t\t<\/div>\n\t\t\t\t<\/div>\n\t\t\t\t\t<\/div>\n\t\t<\/div>\n\t\t\t\t\t<\/div>\n\t\t<\/section>\n\t\t\t\t<\/div>\n\t\t","protected":false},"excerpt":{"rendered":"<p>Adaptaci\u00f3n y Mitigaci\u00f3n Curso de Capacitaci\u00f3n La pr\u00f3xima versi\u00f3n del curso en \u00abAdaptaci\u00f3n al Cambio Clim\u00e1tico en el sector Agropecuario\u00bb se llevar\u00e1 a cabo en octubre\u00a0de 2025. Plan de trabajo 2025-2026 Documento elaborado por el grupo de trabajo con la planificaci\u00f3n de las actividades. Grupo de Trabajo Tem\u00e1tico en Adaptaci\u00f3n y Mitigaci\u00f3n Es una red [&hellip;]<\/p>\n","protected":false},"author":1,"featured_media":0,"parent":12054,"menu_order":0,"comment_status":"closed","ping_status":"closed","template":"","meta":{"_monsterinsights_skip_tracking":false,"_monsterinsights_sitenote_active":false,"_monsterinsights_sitenote_note":"","_monsterinsights_sitenote_category":0,"footnotes":""},"class_list":["post-5954","page","type-page","status-publish","hentry"],"yoast_head":"<!-- This site is optimized with the Yoast SEO plugin v27.3 - https:\/\/yoast.com\/product\/yoast-seo-wordpress\/ -->\n<title>Adaptaci\u00f3n y mitigaci\u00f3n - Plataforma de Acci\u00f3n Clim\u00e1tica PLACA<\/title>\n<meta name=\"robots\" content=\"index, follow, max-snippet:-1, max-image-preview:large, max-video-preview:-1\" \/>\n<link rel=\"canonical\" href=\"https:\/\/accionclimaticaplaca.org\/es\/grupos-de-trabajo-tematicos\/adaptacion-y-mitigacion\/\" \/>\n<meta property=\"og:locale\" content=\"es_ES\" \/>\n<meta property=\"og:type\" content=\"article\" \/>\n<meta property=\"og:title\" content=\"Adaptaci\u00f3n y mitigaci\u00f3n - Plataforma de Acci\u00f3n Clim\u00e1tica PLACA\" \/>\n<meta property=\"og:description\" content=\"Adaptaci\u00f3n y Mitigaci\u00f3n Curso de Capacitaci\u00f3n La pr\u00f3xima versi\u00f3n del curso en \u00abAdaptaci\u00f3n al Cambio Clim\u00e1tico en el sector Agropecuario\u00bb se llevar\u00e1 a cabo en octubre\u00a0de 2025. Plan de trabajo 2025-2026 Documento elaborado por el grupo de trabajo con la planificaci\u00f3n de las actividades. Grupo de Trabajo Tem\u00e1tico en Adaptaci\u00f3n y Mitigaci\u00f3n Es una red [&hellip;]\" \/>\n<meta property=\"og:url\" content=\"https:\/\/accionclimaticaplaca.org\/es\/grupos-de-trabajo-tematicos\/adaptacion-y-mitigacion\/\" \/>\n<meta property=\"og:site_name\" content=\"Plataforma de Acci\u00f3n Clim\u00e1tica PLACA\" \/>\n<meta property=\"article:modified_time\" content=\"2026-04-17T00:49:37+00:00\" \/>\n<meta property=\"og:image\" content=\"https:\/\/accionclimaticaplaca.org\/wp-content\/uploads\/2025\/06\/Coordinador-GTT1_Wilmer-Jimenez.jpg\" \/>\n<meta name=\"twitter:card\" content=\"summary_large_image\" \/>\n<meta name=\"twitter:label1\" content=\"Tiempo de lectura\" \/>\n\t<meta name=\"twitter:data1\" content=\"2 minutos\" \/>\n<script type=\"application\/ld+json\" class=\"yoast-schema-graph\">{\"@context\":\"https:\\\/\\\/schema.org\",\"@graph\":[{\"@type\":\"WebPage\",\"@id\":\"https:\\\/\\\/accionclimaticaplaca.org\\\/grupos-de-trabajo-tematicos\\\/adaptacion-y-mitigacion\\\/\",\"url\":\"https:\\\/\\\/accionclimaticaplaca.org\\\/grupos-de-trabajo-tematicos\\\/adaptacion-y-mitigacion\\\/\",\"name\":\"Adaptaci\u00f3n y mitigaci\u00f3n - Plataforma de Acci\u00f3n Clim\u00e1tica PLACA\",\"isPartOf\":{\"@id\":\"https:\\\/\\\/accionclimaticaplaca.org\\\/#website\"},\"primaryImageOfPage\":{\"@id\":\"https:\\\/\\\/accionclimaticaplaca.org\\\/grupos-de-trabajo-tematicos\\\/adaptacion-y-mitigacion\\\/#primaryimage\"},\"image\":{\"@id\":\"https:\\\/\\\/accionclimaticaplaca.org\\\/grupos-de-trabajo-tematicos\\\/adaptacion-y-mitigacion\\\/#primaryimage\"},\"thumbnailUrl\":\"https:\\\/\\\/accionclimaticaplaca.org\\\/wp-content\\\/uploads\\\/2025\\\/06\\\/Coordinador-GTT1_Wilmer-Jimenez.jpg\",\"datePublished\":\"2021-08-24T22:05:14+00:00\",\"dateModified\":\"2026-04-17T00:49:37+00:00\",\"breadcrumb\":{\"@id\":\"https:\\\/\\\/accionclimaticaplaca.org\\\/grupos-de-trabajo-tematicos\\\/adaptacion-y-mitigacion\\\/#breadcrumb\"},\"inLanguage\":\"es\",\"potentialAction\":[{\"@type\":\"ReadAction\",\"target\":[\"https:\\\/\\\/accionclimaticaplaca.org\\\/grupos-de-trabajo-tematicos\\\/adaptacion-y-mitigacion\\\/\"]}]},{\"@type\":\"ImageObject\",\"inLanguage\":\"es\",\"@id\":\"https:\\\/\\\/accionclimaticaplaca.org\\\/grupos-de-trabajo-tematicos\\\/adaptacion-y-mitigacion\\\/#primaryimage\",\"url\":\"https:\\\/\\\/accionclimaticaplaca.org\\\/wp-content\\\/uploads\\\/2025\\\/06\\\/Coordinador-GTT1_Wilmer-Jimenez.jpg\",\"contentUrl\":\"https:\\\/\\\/accionclimaticaplaca.org\\\/wp-content\\\/uploads\\\/2025\\\/06\\\/Coordinador-GTT1_Wilmer-Jimenez.jpg\"},{\"@type\":\"BreadcrumbList\",\"@id\":\"https:\\\/\\\/accionclimaticaplaca.org\\\/grupos-de-trabajo-tematicos\\\/adaptacion-y-mitigacion\\\/#breadcrumb\",\"itemListElement\":[{\"@type\":\"ListItem\",\"position\":1,\"name\":\"Portada\",\"item\":\"https:\\\/\\\/accionclimaticaplaca.org\\\/\"},{\"@type\":\"ListItem\",\"position\":2,\"name\":\"Grupos de Trabajo Tematicos &#8211; NEW\",\"item\":\"https:\\\/\\\/accionclimaticaplaca.org\\\/grupos-de-trabajo-tematicos\\\/\"},{\"@type\":\"ListItem\",\"position\":3,\"name\":\"Adaptaci\u00f3n y mitigaci\u00f3n\"}]},{\"@type\":\"WebSite\",\"@id\":\"https:\\\/\\\/accionclimaticaplaca.org\\\/#website\",\"url\":\"https:\\\/\\\/accionclimaticaplaca.org\\\/\",\"name\":\"Plataforma de Acci\u00f3n Clim\u00e1tica PLACA\",\"description\":\"Plataforma de Acci\u00f3n Clim\u00e1tica en Agricultura de Latinoam\u00e9rica y El Caribe\",\"publisher\":{\"@id\":\"https:\\\/\\\/accionclimaticaplaca.org\\\/#organization\"},\"potentialAction\":[{\"@type\":\"SearchAction\",\"target\":{\"@type\":\"EntryPoint\",\"urlTemplate\":\"https:\\\/\\\/accionclimaticaplaca.org\\\/?s={search_term_string}\"},\"query-input\":{\"@type\":\"PropertyValueSpecification\",\"valueRequired\":true,\"valueName\":\"search_term_string\"}}],\"inLanguage\":\"es\"},{\"@type\":\"Organization\",\"@id\":\"https:\\\/\\\/accionclimaticaplaca.org\\\/#organization\",\"name\":\"Food and Agriculture Organization\",\"url\":\"https:\\\/\\\/accionclimaticaplaca.org\\\/\",\"logo\":{\"@type\":\"ImageObject\",\"inLanguage\":\"es\",\"@id\":\"https:\\\/\\\/accionclimaticaplaca.org\\\/#\\\/schema\\\/logo\\\/image\\\/\",\"url\":\"https:\\\/\\\/accionclimaticaplaca.org\\\/wp-content\\\/uploads\\\/2021\\\/11\\\/gif_placa_esp.gif\",\"contentUrl\":\"https:\\\/\\\/accionclimaticaplaca.org\\\/wp-content\\\/uploads\\\/2021\\\/11\\\/gif_placa_esp.gif\",\"width\":1000,\"height\":1000,\"caption\":\"Food and Agriculture Organization\"},\"image\":{\"@id\":\"https:\\\/\\\/accionclimaticaplaca.org\\\/#\\\/schema\\\/logo\\\/image\\\/\"}}]}<\/script>\n<!-- \/ Yoast SEO plugin. -->","yoast_head_json":{"title":"Adaptaci\u00f3n y mitigaci\u00f3n - Plataforma de Acci\u00f3n Clim\u00e1tica PLACA","robots":{"index":"index","follow":"follow","max-snippet":"max-snippet:-1","max-image-preview":"max-image-preview:large","max-video-preview":"max-video-preview:-1"},"canonical":"https:\/\/accionclimaticaplaca.org\/es\/grupos-de-trabajo-tematicos\/adaptacion-y-mitigacion\/","og_locale":"es_ES","og_type":"article","og_title":"Adaptaci\u00f3n y mitigaci\u00f3n - Plataforma de Acci\u00f3n Clim\u00e1tica PLACA","og_description":"Adaptaci\u00f3n y Mitigaci\u00f3n Curso de Capacitaci\u00f3n La pr\u00f3xima versi\u00f3n del curso en \u00abAdaptaci\u00f3n al Cambio Clim\u00e1tico en el sector Agropecuario\u00bb se llevar\u00e1 a cabo en octubre\u00a0de 2025. Plan de trabajo 2025-2026 Documento elaborado por el grupo de trabajo con la planificaci\u00f3n de las actividades. Grupo de Trabajo Tem\u00e1tico en Adaptaci\u00f3n y Mitigaci\u00f3n Es una red [&hellip;]","og_url":"https:\/\/accionclimaticaplaca.org\/es\/grupos-de-trabajo-tematicos\/adaptacion-y-mitigacion\/","og_site_name":"Plataforma de Acci\u00f3n Clim\u00e1tica PLACA","article_modified_time":"2026-04-17T00:49:37+00:00","og_image":[{"url":"https:\/\/accionclimaticaplaca.org\/wp-content\/uploads\/2025\/06\/Coordinador-GTT1_Wilmer-Jimenez.jpg","type":"","width":"","height":""}],"twitter_card":"summary_large_image","twitter_misc":{"Tiempo de lectura":"2 minutos"},"schema":{"@context":"https:\/\/schema.org","@graph":[{"@type":"WebPage","@id":"https:\/\/accionclimaticaplaca.org\/grupos-de-trabajo-tematicos\/adaptacion-y-mitigacion\/","url":"https:\/\/accionclimaticaplaca.org\/grupos-de-trabajo-tematicos\/adaptacion-y-mitigacion\/","name":"Adaptaci\u00f3n y mitigaci\u00f3n - Plataforma de Acci\u00f3n Clim\u00e1tica PLACA","isPartOf":{"@id":"https:\/\/accionclimaticaplaca.org\/#website"},"primaryImageOfPage":{"@id":"https:\/\/accionclimaticaplaca.org\/grupos-de-trabajo-tematicos\/adaptacion-y-mitigacion\/#primaryimage"},"image":{"@id":"https:\/\/accionclimaticaplaca.org\/grupos-de-trabajo-tematicos\/adaptacion-y-mitigacion\/#primaryimage"},"thumbnailUrl":"https:\/\/accionclimaticaplaca.org\/wp-content\/uploads\/2025\/06\/Coordinador-GTT1_Wilmer-Jimenez.jpg","datePublished":"2021-08-24T22:05:14+00:00","dateModified":"2026-04-17T00:49:37+00:00","breadcrumb":{"@id":"https:\/\/accionclimaticaplaca.org\/grupos-de-trabajo-tematicos\/adaptacion-y-mitigacion\/#breadcrumb"},"inLanguage":"es","potentialAction":[{"@type":"ReadAction","target":["https:\/\/accionclimaticaplaca.org\/grupos-de-trabajo-tematicos\/adaptacion-y-mitigacion\/"]}]},{"@type":"ImageObject","inLanguage":"es","@id":"https:\/\/accionclimaticaplaca.org\/grupos-de-trabajo-tematicos\/adaptacion-y-mitigacion\/#primaryimage","url":"https:\/\/accionclimaticaplaca.org\/wp-content\/uploads\/2025\/06\/Coordinador-GTT1_Wilmer-Jimenez.jpg","contentUrl":"https:\/\/accionclimaticaplaca.org\/wp-content\/uploads\/2025\/06\/Coordinador-GTT1_Wilmer-Jimenez.jpg"},{"@type":"BreadcrumbList","@id":"https:\/\/accionclimaticaplaca.org\/grupos-de-trabajo-tematicos\/adaptacion-y-mitigacion\/#breadcrumb","itemListElement":[{"@type":"ListItem","position":1,"name":"Portada","item":"https:\/\/accionclimaticaplaca.org\/"},{"@type":"ListItem","position":2,"name":"Grupos de Trabajo Tematicos &#8211; NEW","item":"https:\/\/accionclimaticaplaca.org\/grupos-de-trabajo-tematicos\/"},{"@type":"ListItem","position":3,"name":"Adaptaci\u00f3n y mitigaci\u00f3n"}]},{"@type":"WebSite","@id":"https:\/\/accionclimaticaplaca.org\/#website","url":"https:\/\/accionclimaticaplaca.org\/","name":"Plataforma de Acci\u00f3n Clim\u00e1tica PLACA","description":"Plataforma de Acci\u00f3n Clim\u00e1tica en Agricultura de Latinoam\u00e9rica y El Caribe","publisher":{"@id":"https:\/\/accionclimaticaplaca.org\/#organization"},"potentialAction":[{"@type":"SearchAction","target":{"@type":"EntryPoint","urlTemplate":"https:\/\/accionclimaticaplaca.org\/?s={search_term_string}"},"query-input":{"@type":"PropertyValueSpecification","valueRequired":true,"valueName":"search_term_string"}}],"inLanguage":"es"},{"@type":"Organization","@id":"https:\/\/accionclimaticaplaca.org\/#organization","name":"Food and Agriculture Organization","url":"https:\/\/accionclimaticaplaca.org\/","logo":{"@type":"ImageObject","inLanguage":"es","@id":"https:\/\/accionclimaticaplaca.org\/#\/schema\/logo\/image\/","url":"https:\/\/accionclimaticaplaca.org\/wp-content\/uploads\/2021\/11\/gif_placa_esp.gif","contentUrl":"https:\/\/accionclimaticaplaca.org\/wp-content\/uploads\/2021\/11\/gif_placa_esp.gif","width":1000,"height":1000,"caption":"Food and Agriculture Organization"},"image":{"@id":"https:\/\/accionclimaticaplaca.org\/#\/schema\/logo\/image\/"}}]}},"_links":{"self":[{"href":"https:\/\/accionclimaticaplaca.org\/es\/wp-json\/wp\/v2\/pages\/5954","targetHints":{"allow":["GET"]}}],"collection":[{"href":"https:\/\/accionclimaticaplaca.org\/es\/wp-json\/wp\/v2\/pages"}],"about":[{"href":"https:\/\/accionclimaticaplaca.org\/es\/wp-json\/wp\/v2\/types\/page"}],"author":[{"embeddable":true,"href":"https:\/\/accionclimaticaplaca.org\/es\/wp-json\/wp\/v2\/users\/1"}],"replies":[{"embeddable":true,"href":"https:\/\/accionclimaticaplaca.org\/es\/wp-json\/wp\/v2\/comments?post=5954"}],"version-history":[{"count":181,"href":"https:\/\/accionclimaticaplaca.org\/es\/wp-json\/wp\/v2\/pages\/5954\/revisions"}],"predecessor-version":[{"id":10610,"href":"https:\/\/accionclimaticaplaca.org\/es\/wp-json\/wp\/v2\/pages\/5954\/revisions\/10610"}],"up":[{"embeddable":true,"href":"https:\/\/accionclimaticaplaca.org\/es\/wp-json\/wp\/v2\/pages\/12054"}],"wp:attachment":[{"href":"https:\/\/accionclimaticaplaca.org\/es\/wp-json\/wp\/v2\/media?parent=5954"}],"curies":[{"name":"wp","href":"https:\/\/api.w.org\/{rel}","templated":true}]}}