{"id":12054,"date":"2025-12-19T01:19:09","date_gmt":"2025-12-19T05:19:09","guid":{"rendered":"https:\/\/accionclimaticaplaca.org\/?page_id=12054"},"modified":"2026-04-16T20:48:20","modified_gmt":"2026-04-17T00:48:20","slug":"grupos-de-trabajo-tematicos","status":"publish","type":"page","link":"http:\/\/accionclimaticaplaca.org\/es\/grupos-de-trabajo-tematicos\/","title":{"rendered":"Grupos de Trabajo Tematicos &#8211; NEW"},"content":{"rendered":"\t\t<div data-elementor-type=\"wp-page\" data-elementor-id=\"12054\" class=\"elementor elementor-12054\" data-elementor-settings=\"{&quot;ha_cmc_init_switcher&quot;:&quot;no&quot;}\">\n\t\t\t\t\t\t<section class=\"elementor-section elementor-top-section elementor-element elementor-element-c96638e elementor-section-full_width elementor-section-height-min-height elementor-section-height-default elementor-section-items-middle\" data-id=\"c96638e\" data-element_type=\"section\" data-settings=\"{&quot;background_background&quot;:&quot;classic&quot;,&quot;_ha_eqh_enable&quot;:false}\">\n\t\t\t\t\t\t\t<div class=\"elementor-background-overlay\"><\/div>\n\t\t\t\t\t\t\t<div class=\"elementor-container elementor-column-gap-default\">\n\t\t\t\t\t<div class=\"elementor-column elementor-col-100 elementor-top-column elementor-element elementor-element-8001d2b\" data-id=\"8001d2b\" data-element_type=\"column\">\n\t\t\t<div class=\"elementor-widget-wrap elementor-element-populated\">\n\t\t\t\t\t\t<section class=\"elementor-section elementor-inner-section elementor-element elementor-element-22d036d elementor-section-boxed elementor-section-height-default elementor-section-height-default\" data-id=\"22d036d\" data-element_type=\"section\" data-settings=\"{&quot;_ha_eqh_enable&quot;:false}\">\n\t\t\t\t\t\t<div class=\"elementor-container elementor-column-gap-default\">\n\t\t\t\t\t<div class=\"elementor-column elementor-col-100 elementor-inner-column elementor-element elementor-element-8ad5865\" data-id=\"8ad5865\" data-element_type=\"column\">\n\t\t\t<div class=\"elementor-widget-wrap elementor-element-populated\">\n\t\t\t\t\t\t<div class=\"elementor-element elementor-element-ddf536e elementor-widget elementor-widget-spacer\" data-id=\"ddf536e\" data-element_type=\"widget\" data-widget_type=\"spacer.default\">\n\t\t\t\t<div class=\"elementor-widget-container\">\n\t\t\t\t\t<div class=\"elementor-spacer\">\n\t\t\t<div class=\"elementor-spacer-inner\"><\/div>\n\t\t<\/div>\n\t\t\t\t<\/div>\n\t\t\t\t<\/div>\n\t\t\t\t<div class=\"elementor-element elementor-element-a4f8dbe elementor-widget elementor-widget-heading\" data-id=\"a4f8dbe\" data-element_type=\"widget\" data-widget_type=\"heading.default\">\n\t\t\t\t<div class=\"elementor-widget-container\">\n\t\t\t<h2 class=\"elementor-heading-title elementor-size-default\">Grupos de Trabajo Tem\u00e1ticos<\/h2>\t\t<\/div>\n\t\t\t\t<\/div>\n\t\t\t\t<div class=\"elementor-element elementor-element-3d99308 elementor-widget elementor-widget-spacer\" data-id=\"3d99308\" data-element_type=\"widget\" data-widget_type=\"spacer.default\">\n\t\t\t\t<div class=\"elementor-widget-container\">\n\t\t\t\t\t<div class=\"elementor-spacer\">\n\t\t\t<div class=\"elementor-spacer-inner\"><\/div>\n\t\t<\/div>\n\t\t\t\t<\/div>\n\t\t\t\t<\/div>\n\t\t\t\t\t<\/div>\n\t\t<\/div>\n\t\t\t\t\t<\/div>\n\t\t<\/section>\n\t\t\t\t\t<\/div>\n\t\t<\/div>\n\t\t\t\t\t<\/div>\n\t\t<\/section>\n\t\t\t\t<section class=\"elementor-section elementor-top-section elementor-element elementor-element-2cbbc0cb elementor-section-height-min-height elementor-section-boxed elementor-section-height-default elementor-section-items-middle\" data-id=\"2cbbc0cb\" data-element_type=\"section\" data-settings=\"{&quot;_ha_eqh_enable&quot;:false}\">\n\t\t\t\t\t\t<div class=\"elementor-container elementor-column-gap-default\">\n\t\t\t\t\t<div class=\"elementor-column elementor-col-100 elementor-top-column elementor-element elementor-element-45c9c7c1\" data-id=\"45c9c7c1\" data-element_type=\"column\">\n\t\t\t<div class=\"elementor-widget-wrap elementor-element-populated\">\n\t\t\t\t\t\t<div class=\"elementor-element elementor-element-5bcc1620 elementor-widget__width-initial elementor-widget elementor-widget-text-editor\" data-id=\"5bcc1620\" data-element_type=\"widget\" data-settings=\"{&quot;_animation&quot;:&quot;none&quot;}\" data-widget_type=\"text-editor.default\">\n\t\t\t\t<div class=\"elementor-widget-container\">\n\t\t\t\t\t\t\t<p>Los Grupos de Trabajo Tem\u00e1tico (GTT) son espacios de intercambio entre pares de los ministerios de agricultura, para la producci\u00f3n de informaci\u00f3n, estandarizaci\u00f3n de metodolog\u00edas y la socializaci\u00f3n de experiencias para abordar los desaf\u00edos entre la agricultura y el cambio clim\u00e1tico.<\/p><p>A trav\u00e9s de ellos, los ministerios intercambian datos, herramientas y co-desarrollan enfoques de pol\u00edtica, desde sistemas de monitoreo de la adaptaci\u00f3n hasta estrategias de mitigaci\u00f3n e iniciativas de innovaci\u00f3n.<\/p>\t\t\t\t\t\t<\/div>\n\t\t\t\t<\/div>\n\t\t\t\t\t<\/div>\n\t\t<\/div>\n\t\t\t\t\t<\/div>\n\t\t<\/section>\n\t\t\t\t<section class=\"elementor-section elementor-top-section elementor-element elementor-element-3ec2263 elementor-section-boxed elementor-section-height-default elementor-section-height-default\" data-id=\"3ec2263\" data-element_type=\"section\" data-settings=\"{&quot;_ha_eqh_enable&quot;:false}\">\n\t\t\t\t\t\t<div class=\"elementor-container elementor-column-gap-default\">\n\t\t\t\t\t<div class=\"elementor-column elementor-col-25 elementor-top-column elementor-element elementor-element-02f4bc0\" data-id=\"02f4bc0\" data-element_type=\"column\">\n\t\t\t<div class=\"elementor-widget-wrap elementor-element-populated\">\n\t\t\t\t\t\t<div data-ha-element-link=\"{&quot;url&quot;:&quot;http:\\\/\\\/adaptacion-y-mitigacion-new&quot;,&quot;is_external&quot;:&quot;&quot;,&quot;nofollow&quot;:&quot;&quot;}\" style=\"cursor: pointer\" class=\"elementor-element elementor-element-1ba6b02 elementor-widget elementor-widget-image\" data-id=\"1ba6b02\" data-element_type=\"widget\" data-widget_type=\"image.default\">\n\t\t\t\t<div class=\"elementor-widget-container\">\n\t\t\t\t\t\t\t\t\t\t\t\t\t<img fetchpriority=\"high\" decoding=\"async\" width=\"1920\" height=\"500\" src=\"https:\/\/accionclimaticaplaca.org\/wp-content\/uploads\/2021\/08\/fondo-grupo-1.jpg\" class=\"attachment-full size-full wp-image-5956\" alt=\"\" srcset=\"https:\/\/accionclimaticaplaca.org\/wp-content\/uploads\/2021\/08\/fondo-grupo-1.jpg 1920w, https:\/\/accionclimaticaplaca.org\/wp-content\/uploads\/2021\/08\/fondo-grupo-1-300x78.jpg 300w, https:\/\/accionclimaticaplaca.org\/wp-content\/uploads\/2021\/08\/fondo-grupo-1-1024x267.jpg 1024w, https:\/\/accionclimaticaplaca.org\/wp-content\/uploads\/2021\/08\/fondo-grupo-1-768x200.jpg 768w, https:\/\/accionclimaticaplaca.org\/wp-content\/uploads\/2021\/08\/fondo-grupo-1-1536x400.jpg 1536w, https:\/\/accionclimaticaplaca.org\/wp-content\/uploads\/2021\/08\/fondo-grupo-1-18x5.jpg 18w, https:\/\/accionclimaticaplaca.org\/wp-content\/uploads\/2021\/08\/fondo-grupo-1-600x156.jpg 600w\" sizes=\"(max-width: 1920px) 100vw, 1920px\" \/>\t\t\t\t\t\t\t\t\t\t\t\t\t<\/div>\n\t\t\t\t<\/div>\n\t\t\t\t<div data-ha-element-link=\"{&quot;url&quot;:&quot;http:\\\/\\\/adaptacion-y-mitigacion-new&quot;,&quot;is_external&quot;:&quot;&quot;,&quot;nofollow&quot;:&quot;&quot;}\" style=\"cursor: pointer\" class=\"elementor-element elementor-element-96d2816 elementor-widget elementor-widget-heading\" data-id=\"96d2816\" data-element_type=\"widget\" data-widget_type=\"heading.default\">\n\t\t\t\t<div class=\"elementor-widget-container\">\n\t\t\t<h2 class=\"elementor-heading-title elementor-size-default\">Adaptaci\u00f3n y Mitigaci\u00f3n<\/h2>\t\t<\/div>\n\t\t\t\t<\/div>\n\t\t\t\t<div class=\"elementor-element elementor-element-22f2c0e elementor-widget elementor-widget-text-editor\" data-id=\"22f2c0e\" data-element_type=\"widget\" data-widget_type=\"text-editor.default\">\n\t\t\t\t<div class=\"elementor-widget-container\">\n\t\t\t\t\t\t\t<p>Contribuye a las acciones de adaptaci\u00f3n y mitigaci\u00f3n al cambio clim\u00e1tico en el \u00e1mbito de un desarrollo agropecuario sostenible que garantice la seguridad alimentaria.<\/p>\t\t\t\t\t\t<\/div>\n\t\t\t\t<\/div>\n\t\t\t\t\t<\/div>\n\t\t<\/div>\n\t\t\t\t<div class=\"elementor-column elementor-col-25 elementor-top-column elementor-element elementor-element-de84530\" data-id=\"de84530\" data-element_type=\"column\">\n\t\t\t<div class=\"elementor-widget-wrap elementor-element-populated\">\n\t\t\t\t\t\t<div data-ha-element-link=\"{&quot;url&quot;:&quot;http:\\\/\\\/politicas-publicas-new\\\/&quot;,&quot;is_external&quot;:&quot;&quot;,&quot;nofollow&quot;:&quot;&quot;}\" style=\"cursor: pointer\" class=\"elementor-element elementor-element-fbf548f elementor-widget elementor-widget-image\" data-id=\"fbf548f\" data-element_type=\"widget\" data-widget_type=\"image.default\">\n\t\t\t\t<div class=\"elementor-widget-container\">\n\t\t\t\t\t\t\t\t\t\t\t\t\t<img decoding=\"async\" width=\"1920\" height=\"500\" src=\"https:\/\/accionclimaticaplaca.org\/wp-content\/uploads\/2021\/08\/fondo-grupo-2.jpg\" class=\"attachment-full size-full wp-image-5957\" alt=\"\" srcset=\"https:\/\/accionclimaticaplaca.org\/wp-content\/uploads\/2021\/08\/fondo-grupo-2.jpg 1920w, https:\/\/accionclimaticaplaca.org\/wp-content\/uploads\/2021\/08\/fondo-grupo-2-300x78.jpg 300w, https:\/\/accionclimaticaplaca.org\/wp-content\/uploads\/2021\/08\/fondo-grupo-2-1024x267.jpg 1024w, https:\/\/accionclimaticaplaca.org\/wp-content\/uploads\/2021\/08\/fondo-grupo-2-768x200.jpg 768w, https:\/\/accionclimaticaplaca.org\/wp-content\/uploads\/2021\/08\/fondo-grupo-2-1536x400.jpg 1536w, https:\/\/accionclimaticaplaca.org\/wp-content\/uploads\/2021\/08\/fondo-grupo-2-18x5.jpg 18w, https:\/\/accionclimaticaplaca.org\/wp-content\/uploads\/2021\/08\/fondo-grupo-2-600x156.jpg 600w\" sizes=\"(max-width: 1920px) 100vw, 1920px\" \/>\t\t\t\t\t\t\t\t\t\t\t\t\t<\/div>\n\t\t\t\t<\/div>\n\t\t\t\t<div data-ha-element-link=\"{&quot;url&quot;:&quot;http:\\\/\\\/politicas-publicas-new&quot;,&quot;is_external&quot;:&quot;&quot;,&quot;nofollow&quot;:&quot;&quot;}\" style=\"cursor: pointer\" class=\"elementor-element elementor-element-953297a elementor-widget elementor-widget-heading\" data-id=\"953297a\" data-element_type=\"widget\" data-widget_type=\"heading.default\">\n\t\t\t\t<div class=\"elementor-widget-container\">\n\t\t\t<h2 class=\"elementor-heading-title elementor-size-default\">Pol\u00edticas Publicas<\/h2>\t\t<\/div>\n\t\t\t\t<\/div>\n\t\t\t\t<div class=\"elementor-element elementor-element-938702a elementor-widget elementor-widget-text-editor\" data-id=\"938702a\" data-element_type=\"widget\" data-widget_type=\"text-editor.default\">\n\t\t\t\t<div class=\"elementor-widget-container\">\n\t\t\t\t\t\t\t<p>Articula conocimientos y oportunidades para fortalecer la elaboraci\u00f3n y las estrategias de pol\u00edtica p\u00fablica para cambio clim\u00e1tico y agricultura, con el fin de apoyar la resiliencia y los desaf\u00edos en el sector agr\u00edcola de los pa\u00edses adheridos a PLACA<\/p>\t\t\t\t\t\t<\/div>\n\t\t\t\t<\/div>\n\t\t\t\t\t<\/div>\n\t\t<\/div>\n\t\t\t\t<div class=\"elementor-column elementor-col-25 elementor-top-column elementor-element elementor-element-97ab30a\" data-id=\"97ab30a\" data-element_type=\"column\">\n\t\t\t<div class=\"elementor-widget-wrap elementor-element-populated\">\n\t\t\t\t\t\t<div data-ha-element-link=\"{&quot;url&quot;:&quot;http:\\\/\\\/gestion-de-conocimiento-new&quot;,&quot;is_external&quot;:&quot;&quot;,&quot;nofollow&quot;:&quot;&quot;}\" style=\"cursor: pointer\" class=\"elementor-element elementor-element-78d032a elementor-widget elementor-widget-image\" data-id=\"78d032a\" data-element_type=\"widget\" data-widget_type=\"image.default\">\n\t\t\t\t<div class=\"elementor-widget-container\">\n\t\t\t\t\t\t\t\t\t\t\t\t\t<img decoding=\"async\" width=\"700\" height=\"336\" src=\"https:\/\/accionclimaticaplaca.org\/wp-content\/uploads\/2021\/08\/ico-grupo-3.jpg\" class=\"attachment-full size-full wp-image-5980\" alt=\"\" srcset=\"https:\/\/accionclimaticaplaca.org\/wp-content\/uploads\/2021\/08\/ico-grupo-3.jpg 700w, https:\/\/accionclimaticaplaca.org\/wp-content\/uploads\/2021\/08\/ico-grupo-3-300x144.jpg 300w, https:\/\/accionclimaticaplaca.org\/wp-content\/uploads\/2021\/08\/ico-grupo-3-18x9.jpg 18w, https:\/\/accionclimaticaplaca.org\/wp-content\/uploads\/2021\/08\/ico-grupo-3-600x288.jpg 600w\" sizes=\"(max-width: 700px) 100vw, 700px\" \/>\t\t\t\t\t\t\t\t\t\t\t\t\t<\/div>\n\t\t\t\t<\/div>\n\t\t\t\t<div data-ha-element-link=\"{&quot;url&quot;:&quot;http:\\\/\\\/gestion-de-conocimiento-new&quot;,&quot;is_external&quot;:&quot;&quot;,&quot;nofollow&quot;:&quot;&quot;}\" style=\"cursor: pointer\" class=\"elementor-element elementor-element-a36ce49 elementor-widget elementor-widget-heading\" data-id=\"a36ce49\" data-element_type=\"widget\" data-widget_type=\"heading.default\">\n\t\t\t\t<div class=\"elementor-widget-container\">\n\t\t\t<h2 class=\"elementor-heading-title elementor-size-default\">Gesti\u00f3n de Conocimientos<\/h2>\t\t<\/div>\n\t\t\t\t<\/div>\n\t\t\t\t<div class=\"elementor-element elementor-element-e4994e7 elementor-widget elementor-widget-text-editor\" data-id=\"e4994e7\" data-element_type=\"widget\" data-widget_type=\"text-editor.default\">\n\t\t\t\t<div class=\"elementor-widget-container\">\n\t\t\t\t\t\t\t<p>Comparte y transfiere conocimientos mediante opciones innovadoras para fortalecer las capacidades t\u00e9cnicas de los productores y profesionales del sector agropecuario, con el fin de apoyar la construcci\u00f3n de resiliencia y enfrentar los impactos y desaf\u00edos del cambio clim\u00e1tico en el sector agr\u00edcola en los pa\u00edses PLACA<\/p>\t\t\t\t\t\t<\/div>\n\t\t\t\t<\/div>\n\t\t\t\t\t<\/div>\n\t\t<\/div>\n\t\t\t\t<div class=\"elementor-column elementor-col-25 elementor-top-column elementor-element elementor-element-e67b7c4\" data-id=\"e67b7c4\" data-element_type=\"column\">\n\t\t\t<div class=\"elementor-widget-wrap elementor-element-populated\">\n\t\t\t\t\t\t<div data-ha-element-link=\"{&quot;url&quot;:&quot;http:\\\/\\\/investigacion-desarrollo-e-innovacion-tecnologica-new&quot;,&quot;is_external&quot;:&quot;&quot;,&quot;nofollow&quot;:&quot;&quot;}\" style=\"cursor: pointer\" class=\"elementor-element elementor-element-ff508c5 elementor-widget elementor-widget-image\" data-id=\"ff508c5\" data-element_type=\"widget\" data-widget_type=\"image.default\">\n\t\t\t\t<div class=\"elementor-widget-container\">\n\t\t\t\t\t\t\t\t\t\t\t\t\t<img loading=\"lazy\" decoding=\"async\" width=\"700\" height=\"336\" src=\"https:\/\/accionclimaticaplaca.org\/wp-content\/uploads\/2021\/08\/ico-grupo-4.jpg\" class=\"attachment-full size-full wp-image-5981\" alt=\"\" srcset=\"https:\/\/accionclimaticaplaca.org\/wp-content\/uploads\/2021\/08\/ico-grupo-4.jpg 700w, https:\/\/accionclimaticaplaca.org\/wp-content\/uploads\/2021\/08\/ico-grupo-4-300x144.jpg 300w, https:\/\/accionclimaticaplaca.org\/wp-content\/uploads\/2021\/08\/ico-grupo-4-18x9.jpg 18w, https:\/\/accionclimaticaplaca.org\/wp-content\/uploads\/2021\/08\/ico-grupo-4-600x288.jpg 600w\" sizes=\"(max-width: 700px) 100vw, 700px\" \/>\t\t\t\t\t\t\t\t\t\t\t\t\t<\/div>\n\t\t\t\t<\/div>\n\t\t\t\t<div data-ha-element-link=\"{&quot;url&quot;:&quot;http:\\\/\\\/investigacion-desarrollo-e-innovacion-tecnologica-new&quot;,&quot;is_external&quot;:&quot;&quot;,&quot;nofollow&quot;:&quot;&quot;}\" style=\"cursor: pointer\" class=\"elementor-element elementor-element-258c027 elementor-widget elementor-widget-heading\" data-id=\"258c027\" data-element_type=\"widget\" data-widget_type=\"heading.default\">\n\t\t\t\t<div class=\"elementor-widget-container\">\n\t\t\t<h2 class=\"elementor-heading-title elementor-size-default\">Investigaci\u00f3n<\/h2>\t\t<\/div>\n\t\t\t\t<\/div>\n\t\t\t\t<div class=\"elementor-element elementor-element-da75e00 elementor-widget elementor-widget-text-editor\" data-id=\"da75e00\" data-element_type=\"widget\" data-widget_type=\"text-editor.default\">\n\t\t\t\t<div class=\"elementor-widget-container\">\n\t\t\t\t\t\t\t<p>Coordina y promueve mecanismos de colaboraci\u00f3n, intercambio de experiencias y esfuerzos individuales o coordinados de innovaci\u00f3n y difusi\u00f3n cient\u00edfica y tecnol\u00f3gica entre los pa\u00edses de ALC, para enfrentar los efectos del cambio clim\u00e1tico y la variabilidad clim\u00e1tica con el fin de promover una agricultura sostenible, eficiente y resiliente.<\/p>\t\t\t\t\t\t<\/div>\n\t\t\t\t<\/div>\n\t\t\t\t\t<\/div>\n\t\t<\/div>\n\t\t\t\t\t<\/div>\n\t\t<\/section>\n\t\t\t\t<section class=\"elementor-section elementor-top-section elementor-element elementor-element-dfee5ef elementor-section-boxed elementor-section-height-default elementor-section-height-default\" data-id=\"dfee5ef\" data-element_type=\"section\" data-settings=\"{&quot;_ha_eqh_enable&quot;:false}\">\n\t\t\t\t\t\t<div class=\"elementor-container elementor-column-gap-default\">\n\t\t\t\t\t<div class=\"elementor-column elementor-col-25 elementor-top-column elementor-element elementor-element-70f01fa\" data-id=\"70f01fa\" data-element_type=\"column\">\n\t\t\t<div class=\"elementor-widget-wrap elementor-element-populated\">\n\t\t\t\t\t\t<section class=\"elementor-section elementor-inner-section elementor-element elementor-element-bc96ac4 elementor-section-boxed elementor-section-height-default elementor-section-height-default\" data-id=\"bc96ac4\" data-element_type=\"section\" data-settings=\"{&quot;_ha_eqh_enable&quot;:false}\">\n\t\t\t\t\t\t<div class=\"elementor-container elementor-column-gap-default\">\n\t\t\t\t\t<div class=\"elementor-column elementor-col-50 elementor-inner-column elementor-element elementor-element-2cbf313\" data-id=\"2cbf313\" data-element_type=\"column\">\n\t\t\t<div class=\"elementor-widget-wrap elementor-element-populated\">\n\t\t\t\t\t\t<div class=\"elementor-element elementor-element-86158e2 elementor-widget__width-initial elementor-widget elementor-widget-text-editor\" data-id=\"86158e2\" data-element_type=\"widget\" data-widget_type=\"text-editor.default\">\n\t\t\t\t<div class=\"elementor-widget-container\">\n\t\t\t\t\t\t\t<strong>Cordinador:<\/strong><br>\nWilmer<br>Jim\u00e9nez\t\t\t\t\t\t<\/div>\n\t\t\t\t<\/div>\n\t\t\t\t\t<\/div>\n\t\t<\/div>\n\t\t\t\t<div class=\"elementor-column elementor-col-50 elementor-inner-column elementor-element elementor-element-ffc122a\" data-id=\"ffc122a\" data-element_type=\"column\">\n\t\t\t<div class=\"elementor-widget-wrap elementor-element-populated\">\n\t\t\t\t\t\t<div class=\"elementor-element elementor-element-ddc7b34 elementor-widget elementor-widget-image\" data-id=\"ddc7b34\" data-element_type=\"widget\" data-widget_type=\"image.default\">\n\t\t\t\t<div class=\"elementor-widget-container\">\n\t\t\t\t\t\t\t\t\t\t\t\t\t<img loading=\"lazy\" decoding=\"async\" width=\"256\" height=\"256\" src=\"https:\/\/accionclimaticaplaca.org\/wp-content\/uploads\/2022\/11\/Flag_of_Ecuador_Flat_Round-256x256-1.png\" class=\"attachment-large size-large wp-image-7256\" alt=\"\" srcset=\"https:\/\/accionclimaticaplaca.org\/wp-content\/uploads\/2022\/11\/Flag_of_Ecuador_Flat_Round-256x256-1.png 256w, https:\/\/accionclimaticaplaca.org\/wp-content\/uploads\/2022\/11\/Flag_of_Ecuador_Flat_Round-256x256-1-150x150.png 150w, https:\/\/accionclimaticaplaca.org\/wp-content\/uploads\/2022\/11\/Flag_of_Ecuador_Flat_Round-256x256-1-12x12.png 12w, https:\/\/accionclimaticaplaca.org\/wp-content\/uploads\/2022\/11\/Flag_of_Ecuador_Flat_Round-256x256-1-100x100.png 100w\" sizes=\"(max-width: 256px) 100vw, 256px\" \/>\t\t\t\t\t\t\t\t\t\t\t\t\t<\/div>\n\t\t\t\t<\/div>\n\t\t\t\t\t<\/div>\n\t\t<\/div>\n\t\t\t\t\t<\/div>\n\t\t<\/section>\n\t\t\t\t<div data-ha-element-link=\"{&quot;url&quot;:&quot;http:\\\/\\\/adaptacion-y-mitigacion-new&quot;,&quot;is_external&quot;:&quot;&quot;,&quot;nofollow&quot;:&quot;&quot;}\" style=\"cursor: pointer\" class=\"elementor-element elementor-element-4ffe28d elementor-align-center elementor-widget elementor-widget-button\" data-id=\"4ffe28d\" data-element_type=\"widget\" data-widget_type=\"button.default\">\n\t\t\t\t<div class=\"elementor-widget-container\">\n\t\t\t\t\t<div class=\"elementor-button-wrapper\">\n\t\t\t<a class=\"elementor-button elementor-button-link elementor-size-sm\" href=\"#\">\n\t\t\t\t\t\t<span class=\"elementor-button-content-wrapper\">\n\t\t\t\t\t\t\t\t\t<span class=\"elementor-button-text\">Ver mas<\/span>\n\t\t\t\t\t<\/span>\n\t\t\t\t\t<\/a>\n\t\t<\/div>\n\t\t\t\t<\/div>\n\t\t\t\t<\/div>\n\t\t\t\t\t<\/div>\n\t\t<\/div>\n\t\t\t\t<div class=\"elementor-column elementor-col-25 elementor-top-column elementor-element elementor-element-42dc7ba\" data-id=\"42dc7ba\" data-element_type=\"column\">\n\t\t\t<div class=\"elementor-widget-wrap elementor-element-populated\">\n\t\t\t\t\t\t<section class=\"elementor-section elementor-inner-section elementor-element elementor-element-905378c elementor-section-boxed elementor-section-height-default elementor-section-height-default\" data-id=\"905378c\" data-element_type=\"section\" data-settings=\"{&quot;_ha_eqh_enable&quot;:false}\">\n\t\t\t\t\t\t<div class=\"elementor-container elementor-column-gap-default\">\n\t\t\t\t\t<div class=\"elementor-column elementor-col-50 elementor-inner-column elementor-element elementor-element-629eddd\" data-id=\"629eddd\" data-element_type=\"column\">\n\t\t\t<div class=\"elementor-widget-wrap elementor-element-populated\">\n\t\t\t\t\t\t<div class=\"elementor-element elementor-element-91c2f8c elementor-widget__width-initial elementor-widget elementor-widget-text-editor\" data-id=\"91c2f8c\" data-element_type=\"widget\" data-widget_type=\"text-editor.default\">\n\t\t\t\t<div class=\"elementor-widget-container\">\n\t\t\t\t\t\t\t<strong>Cordinador:<\/strong><br>\nRodrigo<br>Osorio\t\t\t\t\t\t<\/div>\n\t\t\t\t<\/div>\n\t\t\t\t\t<\/div>\n\t\t<\/div>\n\t\t\t\t<div class=\"elementor-column elementor-col-50 elementor-inner-column elementor-element elementor-element-82cb20e\" data-id=\"82cb20e\" data-element_type=\"column\">\n\t\t\t<div class=\"elementor-widget-wrap elementor-element-populated\">\n\t\t\t\t\t\t<div class=\"elementor-element elementor-element-9b220d1 elementor-widget elementor-widget-image\" data-id=\"9b220d1\" data-element_type=\"widget\" data-widget_type=\"image.default\">\n\t\t\t\t<div class=\"elementor-widget-container\">\n\t\t\t\t\t\t\t\t\t\t\t\t\t<img loading=\"lazy\" decoding=\"async\" width=\"500\" height=\"499\" src=\"https:\/\/accionclimaticaplaca.org\/wp-content\/uploads\/2025\/11\/Chile-removebg.png\" class=\"attachment-large size-large wp-image-11121\" alt=\"\" srcset=\"https:\/\/accionclimaticaplaca.org\/wp-content\/uploads\/2025\/11\/Chile-removebg.png 500w, https:\/\/accionclimaticaplaca.org\/wp-content\/uploads\/2025\/11\/Chile-removebg-300x300.png 300w, https:\/\/accionclimaticaplaca.org\/wp-content\/uploads\/2025\/11\/Chile-removebg-150x150.png 150w, https:\/\/accionclimaticaplaca.org\/wp-content\/uploads\/2025\/11\/Chile-removebg-12x12.png 12w, https:\/\/accionclimaticaplaca.org\/wp-content\/uploads\/2025\/11\/Chile-removebg-100x100.png 100w\" sizes=\"(max-width: 500px) 100vw, 500px\" \/>\t\t\t\t\t\t\t\t\t\t\t\t\t<\/div>\n\t\t\t\t<\/div>\n\t\t\t\t\t<\/div>\n\t\t<\/div>\n\t\t\t\t\t<\/div>\n\t\t<\/section>\n\t\t\t\t<div data-ha-element-link=\"{&quot;url&quot;:&quot;http:\\\/\\\/politicas-publicas-new\\\/&quot;,&quot;is_external&quot;:&quot;&quot;,&quot;nofollow&quot;:&quot;&quot;}\" style=\"cursor: pointer\" class=\"elementor-element elementor-element-0f10c82 elementor-align-center elementor-widget elementor-widget-button\" data-id=\"0f10c82\" data-element_type=\"widget\" data-widget_type=\"button.default\">\n\t\t\t\t<div class=\"elementor-widget-container\">\n\t\t\t\t\t<div class=\"elementor-button-wrapper\">\n\t\t\t<a class=\"elementor-button elementor-button-link elementor-size-sm\" href=\"#\">\n\t\t\t\t\t\t<span class=\"elementor-button-content-wrapper\">\n\t\t\t\t\t\t\t\t\t<span class=\"elementor-button-text\">Ver mas<\/span>\n\t\t\t\t\t<\/span>\n\t\t\t\t\t<\/a>\n\t\t<\/div>\n\t\t\t\t<\/div>\n\t\t\t\t<\/div>\n\t\t\t\t\t<\/div>\n\t\t<\/div>\n\t\t\t\t<div class=\"elementor-column elementor-col-25 elementor-top-column elementor-element elementor-element-af70ea7\" data-id=\"af70ea7\" data-element_type=\"column\">\n\t\t\t<div class=\"elementor-widget-wrap elementor-element-populated\">\n\t\t\t\t\t\t<section class=\"elementor-section elementor-inner-section elementor-element elementor-element-0327624 elementor-section-boxed elementor-section-height-default elementor-section-height-default\" data-id=\"0327624\" data-element_type=\"section\" data-settings=\"{&quot;_ha_eqh_enable&quot;:false}\">\n\t\t\t\t\t\t<div class=\"elementor-container elementor-column-gap-default\">\n\t\t\t\t\t<div class=\"elementor-column elementor-col-50 elementor-inner-column elementor-element elementor-element-cb569b0\" data-id=\"cb569b0\" data-element_type=\"column\">\n\t\t\t<div class=\"elementor-widget-wrap elementor-element-populated\">\n\t\t\t\t\t\t<div class=\"elementor-element elementor-element-d2727a3 elementor-widget__width-initial elementor-widget elementor-widget-text-editor\" data-id=\"d2727a3\" data-element_type=\"widget\" data-widget_type=\"text-editor.default\">\n\t\t\t\t<div class=\"elementor-widget-container\">\n\t\t\t\t\t\t\t<strong>Cordinador:<\/strong><br>\nFernando<br>Romero Santill\u00e1n\t\t\t\t\t\t<\/div>\n\t\t\t\t<\/div>\n\t\t\t\t\t<\/div>\n\t\t<\/div>\n\t\t\t\t<div class=\"elementor-column elementor-col-50 elementor-inner-column elementor-element elementor-element-dde80f8\" data-id=\"dde80f8\" data-element_type=\"column\">\n\t\t\t<div class=\"elementor-widget-wrap elementor-element-populated\">\n\t\t\t\t\t\t<div class=\"elementor-element elementor-element-d03041b elementor-widget elementor-widget-image\" data-id=\"d03041b\" data-element_type=\"widget\" data-widget_type=\"image.default\">\n\t\t\t\t<div class=\"elementor-widget-container\">\n\t\t\t\t\t\t\t\t\t\t\t\t\t<img loading=\"lazy\" decoding=\"async\" width=\"512\" height=\"512\" src=\"https:\/\/accionclimaticaplaca.org\/wp-content\/uploads\/2021\/08\/mx.png\" class=\"attachment-large size-large wp-image-5895\" alt=\"Bandera de M\u00e9xico\" srcset=\"https:\/\/accionclimaticaplaca.org\/wp-content\/uploads\/2021\/08\/mx.png 512w, https:\/\/accionclimaticaplaca.org\/wp-content\/uploads\/2021\/08\/mx-300x300.png 300w, https:\/\/accionclimaticaplaca.org\/wp-content\/uploads\/2021\/08\/mx-150x150.png 150w, https:\/\/accionclimaticaplaca.org\/wp-content\/uploads\/2021\/08\/mx-12x12.png 12w, https:\/\/accionclimaticaplaca.org\/wp-content\/uploads\/2021\/08\/mx-45x45.png 45w, https:\/\/accionclimaticaplaca.org\/wp-content\/uploads\/2021\/08\/mx-100x100.png 100w\" sizes=\"(max-width: 512px) 100vw, 512px\" \/>\t\t\t\t\t\t\t\t\t\t\t\t\t<\/div>\n\t\t\t\t<\/div>\n\t\t\t\t\t<\/div>\n\t\t<\/div>\n\t\t\t\t\t<\/div>\n\t\t<\/section>\n\t\t\t\t<div data-ha-element-link=\"{&quot;url&quot;:&quot;http:\\\/\\\/gestion-de-conocimiento-new&quot;,&quot;is_external&quot;:&quot;&quot;,&quot;nofollow&quot;:&quot;&quot;}\" style=\"cursor: pointer\" class=\"elementor-element elementor-element-116f6ca elementor-align-center elementor-widget elementor-widget-button\" data-id=\"116f6ca\" data-element_type=\"widget\" data-widget_type=\"button.default\">\n\t\t\t\t<div class=\"elementor-widget-container\">\n\t\t\t\t\t<div class=\"elementor-button-wrapper\">\n\t\t\t<a class=\"elementor-button elementor-button-link elementor-size-sm\" href=\"#\">\n\t\t\t\t\t\t<span class=\"elementor-button-content-wrapper\">\n\t\t\t\t\t\t\t\t\t<span class=\"elementor-button-text\">Ver mas<\/span>\n\t\t\t\t\t<\/span>\n\t\t\t\t\t<\/a>\n\t\t<\/div>\n\t\t\t\t<\/div>\n\t\t\t\t<\/div>\n\t\t\t\t\t<\/div>\n\t\t<\/div>\n\t\t\t\t<div class=\"elementor-column elementor-col-25 elementor-top-column elementor-element elementor-element-9b7fdc2\" data-id=\"9b7fdc2\" data-element_type=\"column\">\n\t\t\t<div class=\"elementor-widget-wrap elementor-element-populated\">\n\t\t\t\t\t\t<section class=\"elementor-section elementor-inner-section elementor-element elementor-element-0dfc5d1 elementor-section-boxed elementor-section-height-default elementor-section-height-default\" data-id=\"0dfc5d1\" data-element_type=\"section\" data-settings=\"{&quot;_ha_eqh_enable&quot;:false}\">\n\t\t\t\t\t\t<div class=\"elementor-container elementor-column-gap-default\">\n\t\t\t\t\t<div class=\"elementor-column elementor-col-50 elementor-inner-column elementor-element elementor-element-c0a63a5\" data-id=\"c0a63a5\" data-element_type=\"column\">\n\t\t\t<div class=\"elementor-widget-wrap elementor-element-populated\">\n\t\t\t\t\t\t<div class=\"elementor-element elementor-element-b174e6f elementor-widget__width-initial elementor-widget elementor-widget-text-editor\" data-id=\"b174e6f\" data-element_type=\"widget\" data-widget_type=\"text-editor.default\">\n\t\t\t\t<div class=\"elementor-widget-container\">\n\t\t\t\t\t\t\t<strong>Cordinador:<\/strong><br>\nKarla<br>Poz\t\t\t\t\t\t<\/div>\n\t\t\t\t<\/div>\n\t\t\t\t\t<\/div>\n\t\t<\/div>\n\t\t\t\t<div class=\"elementor-column elementor-col-50 elementor-inner-column elementor-element elementor-element-10aae4c\" data-id=\"10aae4c\" data-element_type=\"column\">\n\t\t\t<div class=\"elementor-widget-wrap elementor-element-populated\">\n\t\t\t\t\t\t<div class=\"elementor-element elementor-element-7637dda elementor-widget elementor-widget-image\" data-id=\"7637dda\" data-element_type=\"widget\" data-widget_type=\"image.default\">\n\t\t\t\t<div class=\"elementor-widget-container\">\n\t\t\t\t\t\t\t\t\t\t\t\t\t<img loading=\"lazy\" decoding=\"async\" width=\"499\" height=\"500\" src=\"https:\/\/accionclimaticaplaca.org\/wp-content\/uploads\/2025\/11\/guatemala-removebg.png\" class=\"attachment-large size-large wp-image-11123\" alt=\"\" srcset=\"https:\/\/accionclimaticaplaca.org\/wp-content\/uploads\/2025\/11\/guatemala-removebg.png 499w, https:\/\/accionclimaticaplaca.org\/wp-content\/uploads\/2025\/11\/guatemala-removebg-300x300.png 300w, https:\/\/accionclimaticaplaca.org\/wp-content\/uploads\/2025\/11\/guatemala-removebg-150x150.png 150w, https:\/\/accionclimaticaplaca.org\/wp-content\/uploads\/2025\/11\/guatemala-removebg-12x12.png 12w, https:\/\/accionclimaticaplaca.org\/wp-content\/uploads\/2025\/11\/guatemala-removebg-100x100.png 100w\" sizes=\"(max-width: 499px) 100vw, 499px\" \/>\t\t\t\t\t\t\t\t\t\t\t\t\t<\/div>\n\t\t\t\t<\/div>\n\t\t\t\t\t<\/div>\n\t\t<\/div>\n\t\t\t\t\t<\/div>\n\t\t<\/section>\n\t\t\t\t<div data-ha-element-link=\"{&quot;url&quot;:&quot;http:\\\/\\\/investigacion-desarrollo-e-innovacion-tecnologica-new&quot;,&quot;is_external&quot;:&quot;&quot;,&quot;nofollow&quot;:&quot;&quot;}\" style=\"cursor: pointer\" class=\"elementor-element elementor-element-88da31d elementor-align-center elementor-widget elementor-widget-button\" data-id=\"88da31d\" data-element_type=\"widget\" data-widget_type=\"button.default\">\n\t\t\t\t<div class=\"elementor-widget-container\">\n\t\t\t\t\t<div class=\"elementor-button-wrapper\">\n\t\t\t<a class=\"elementor-button elementor-button-link elementor-size-sm\" href=\"#\">\n\t\t\t\t\t\t<span class=\"elementor-button-content-wrapper\">\n\t\t\t\t\t\t\t\t\t<span class=\"elementor-button-text\">Ver mas<\/span>\n\t\t\t\t\t<\/span>\n\t\t\t\t\t<\/a>\n\t\t<\/div>\n\t\t\t\t<\/div>\n\t\t\t\t<\/div>\n\t\t\t\t\t<\/div>\n\t\t<\/div>\n\t\t\t\t\t<\/div>\n\t\t<\/section>\n\t\t\t\t<section class=\"elementor-section elementor-top-section elementor-element elementor-element-063e473 elementor-section-boxed elementor-section-height-default elementor-section-height-default\" data-id=\"063e473\" data-element_type=\"section\" data-settings=\"{&quot;_ha_eqh_enable&quot;:false}\">\n\t\t\t\t\t\t<div class=\"elementor-container elementor-column-gap-default\">\n\t\t\t\t\t<div class=\"elementor-column elementor-col-100 elementor-top-column elementor-element elementor-element-422c4cf\" data-id=\"422c4cf\" data-element_type=\"column\">\n\t\t\t<div class=\"elementor-widget-wrap elementor-element-populated\">\n\t\t\t\t\t\t<div class=\"elementor-element elementor-element-b3cabbe elementor-widget elementor-widget-spacer\" data-id=\"b3cabbe\" data-element_type=\"widget\" data-widget_type=\"spacer.default\">\n\t\t\t\t<div class=\"elementor-widget-container\">\n\t\t\t\t\t<div class=\"elementor-spacer\">\n\t\t\t<div class=\"elementor-spacer-inner\"><\/div>\n\t\t<\/div>\n\t\t\t\t<\/div>\n\t\t\t\t<\/div>\n\t\t\t\t\t<\/div>\n\t\t<\/div>\n\t\t\t\t\t<\/div>\n\t\t<\/section>\n\t\t\t\t<\/div>\n\t\t","protected":false},"excerpt":{"rendered":"<p>Grupos de Trabajo Tem\u00e1ticos Los Grupos de Trabajo Tem\u00e1tico (GTT) son espacios de intercambio entre pares de los ministerios de agricultura, para la producci\u00f3n de informaci\u00f3n, estandarizaci\u00f3n de metodolog\u00edas y la socializaci\u00f3n de experiencias para abordar los desaf\u00edos entre la agricultura y el cambio clim\u00e1tico. A trav\u00e9s de ellos, los ministerios intercambian datos, herramientas y [&hellip;]<\/p>\n","protected":false},"author":7,"featured_media":0,"parent":0,"menu_order":0,"comment_status":"closed","ping_status":"closed","template":"","meta":{"_monsterinsights_skip_tracking":false,"_monsterinsights_sitenote_active":false,"_monsterinsights_sitenote_note":"","_monsterinsights_sitenote_category":0,"footnotes":""},"class_list":["post-12054","page","type-page","status-publish","hentry"],"yoast_head":"<!-- This site is optimized with the Yoast SEO plugin v27.3 - https:\/\/yoast.com\/product\/yoast-seo-wordpress\/ -->\n<title>Grupos de Trabajo Tematicos - NEW - Plataforma de Acci\u00f3n Clim\u00e1tica PLACA<\/title>\n<meta name=\"robots\" content=\"index, follow, max-snippet:-1, max-image-preview:large, max-video-preview:-1\" \/>\n<link rel=\"canonical\" href=\"https:\/\/accionclimaticaplaca.org\/es\/grupos-de-trabajo-tematicos\/\" \/>\n<meta property=\"og:locale\" content=\"es_ES\" \/>\n<meta property=\"og:type\" content=\"article\" \/>\n<meta property=\"og:title\" content=\"Grupos de Trabajo Tematicos - NEW - Plataforma de Acci\u00f3n Clim\u00e1tica PLACA\" \/>\n<meta property=\"og:description\" content=\"Grupos de Trabajo Tem\u00e1ticos Los Grupos de Trabajo Tem\u00e1tico (GTT) son espacios de intercambio entre pares de los ministerios de agricultura, para la producci\u00f3n de informaci\u00f3n, estandarizaci\u00f3n de metodolog\u00edas y la socializaci\u00f3n de experiencias para abordar los desaf\u00edos entre la agricultura y el cambio clim\u00e1tico. A trav\u00e9s de ellos, los ministerios intercambian datos, herramientas y [&hellip;]\" \/>\n<meta property=\"og:url\" content=\"https:\/\/accionclimaticaplaca.org\/es\/grupos-de-trabajo-tematicos\/\" \/>\n<meta property=\"og:site_name\" content=\"Plataforma de Acci\u00f3n Clim\u00e1tica PLACA\" \/>\n<meta property=\"article:modified_time\" content=\"2026-04-17T00:48:20+00:00\" \/>\n<meta property=\"og:image\" content=\"https:\/\/accionclimaticaplaca.org\/wp-content\/uploads\/2021\/08\/fondo-grupo-1.jpg\" \/>\n\t<meta property=\"og:image:width\" content=\"1920\" \/>\n\t<meta property=\"og:image:height\" content=\"500\" \/>\n\t<meta property=\"og:image:type\" content=\"image\/jpeg\" \/>\n<meta name=\"twitter:card\" content=\"summary_large_image\" \/>\n<meta name=\"twitter:label1\" content=\"Tiempo de lectura\" \/>\n\t<meta name=\"twitter:data1\" content=\"2 minutos\" \/>\n<script type=\"application\/ld+json\" class=\"yoast-schema-graph\">{\"@context\":\"https:\\\/\\\/schema.org\",\"@graph\":[{\"@type\":\"WebPage\",\"@id\":\"https:\\\/\\\/accionclimaticaplaca.org\\\/grupos-de-trabajo-tematicos\\\/\",\"url\":\"https:\\\/\\\/accionclimaticaplaca.org\\\/grupos-de-trabajo-tematicos\\\/\",\"name\":\"Grupos de Trabajo Tematicos - NEW - Plataforma de Acci\u00f3n Clim\u00e1tica PLACA\",\"isPartOf\":{\"@id\":\"https:\\\/\\\/accionclimaticaplaca.org\\\/#website\"},\"primaryImageOfPage\":{\"@id\":\"https:\\\/\\\/accionclimaticaplaca.org\\\/grupos-de-trabajo-tematicos\\\/#primaryimage\"},\"image\":{\"@id\":\"https:\\\/\\\/accionclimaticaplaca.org\\\/grupos-de-trabajo-tematicos\\\/#primaryimage\"},\"thumbnailUrl\":\"https:\\\/\\\/accionclimaticaplaca.org\\\/wp-content\\\/uploads\\\/2021\\\/08\\\/fondo-grupo-1.jpg\",\"datePublished\":\"2025-12-19T05:19:09+00:00\",\"dateModified\":\"2026-04-17T00:48:20+00:00\",\"breadcrumb\":{\"@id\":\"https:\\\/\\\/accionclimaticaplaca.org\\\/grupos-de-trabajo-tematicos\\\/#breadcrumb\"},\"inLanguage\":\"es\",\"potentialAction\":[{\"@type\":\"ReadAction\",\"target\":[\"https:\\\/\\\/accionclimaticaplaca.org\\\/grupos-de-trabajo-tematicos\\\/\"]}]},{\"@type\":\"ImageObject\",\"inLanguage\":\"es\",\"@id\":\"https:\\\/\\\/accionclimaticaplaca.org\\\/grupos-de-trabajo-tematicos\\\/#primaryimage\",\"url\":\"https:\\\/\\\/accionclimaticaplaca.org\\\/wp-content\\\/uploads\\\/2021\\\/08\\\/fondo-grupo-1.jpg\",\"contentUrl\":\"https:\\\/\\\/accionclimaticaplaca.org\\\/wp-content\\\/uploads\\\/2021\\\/08\\\/fondo-grupo-1.jpg\"},{\"@type\":\"BreadcrumbList\",\"@id\":\"https:\\\/\\\/accionclimaticaplaca.org\\\/grupos-de-trabajo-tematicos\\\/#breadcrumb\",\"itemListElement\":[{\"@type\":\"ListItem\",\"position\":1,\"name\":\"Portada\",\"item\":\"https:\\\/\\\/accionclimaticaplaca.org\\\/\"},{\"@type\":\"ListItem\",\"position\":2,\"name\":\"Grupos de Trabajo Tematicos &#8211; NEW\"}]},{\"@type\":\"WebSite\",\"@id\":\"https:\\\/\\\/accionclimaticaplaca.org\\\/#website\",\"url\":\"https:\\\/\\\/accionclimaticaplaca.org\\\/\",\"name\":\"Plataforma de Acci\u00f3n Clim\u00e1tica PLACA\",\"description\":\"Plataforma de Acci\u00f3n Clim\u00e1tica en Agricultura de Latinoam\u00e9rica y El Caribe\",\"publisher\":{\"@id\":\"https:\\\/\\\/accionclimaticaplaca.org\\\/#organization\"},\"potentialAction\":[{\"@type\":\"SearchAction\",\"target\":{\"@type\":\"EntryPoint\",\"urlTemplate\":\"https:\\\/\\\/accionclimaticaplaca.org\\\/?s={search_term_string}\"},\"query-input\":{\"@type\":\"PropertyValueSpecification\",\"valueRequired\":true,\"valueName\":\"search_term_string\"}}],\"inLanguage\":\"es\"},{\"@type\":\"Organization\",\"@id\":\"https:\\\/\\\/accionclimaticaplaca.org\\\/#organization\",\"name\":\"Food and Agriculture Organization\",\"url\":\"https:\\\/\\\/accionclimaticaplaca.org\\\/\",\"logo\":{\"@type\":\"ImageObject\",\"inLanguage\":\"es\",\"@id\":\"https:\\\/\\\/accionclimaticaplaca.org\\\/#\\\/schema\\\/logo\\\/image\\\/\",\"url\":\"https:\\\/\\\/accionclimaticaplaca.org\\\/wp-content\\\/uploads\\\/2021\\\/11\\\/gif_placa_esp.gif\",\"contentUrl\":\"https:\\\/\\\/accionclimaticaplaca.org\\\/wp-content\\\/uploads\\\/2021\\\/11\\\/gif_placa_esp.gif\",\"width\":1000,\"height\":1000,\"caption\":\"Food and Agriculture Organization\"},\"image\":{\"@id\":\"https:\\\/\\\/accionclimaticaplaca.org\\\/#\\\/schema\\\/logo\\\/image\\\/\"}}]}<\/script>\n<!-- \/ Yoast SEO plugin. -->","yoast_head_json":{"title":"Grupos de Trabajo Tematicos - NEW - Plataforma de Acci\u00f3n Clim\u00e1tica PLACA","robots":{"index":"index","follow":"follow","max-snippet":"max-snippet:-1","max-image-preview":"max-image-preview:large","max-video-preview":"max-video-preview:-1"},"canonical":"https:\/\/accionclimaticaplaca.org\/es\/grupos-de-trabajo-tematicos\/","og_locale":"es_ES","og_type":"article","og_title":"Grupos de Trabajo Tematicos - NEW - Plataforma de Acci\u00f3n Clim\u00e1tica PLACA","og_description":"Grupos de Trabajo Tem\u00e1ticos Los Grupos de Trabajo Tem\u00e1tico (GTT) son espacios de intercambio entre pares de los ministerios de agricultura, para la producci\u00f3n de informaci\u00f3n, estandarizaci\u00f3n de metodolog\u00edas y la socializaci\u00f3n de experiencias para abordar los desaf\u00edos entre la agricultura y el cambio clim\u00e1tico. A trav\u00e9s de ellos, los ministerios intercambian datos, herramientas y [&hellip;]","og_url":"https:\/\/accionclimaticaplaca.org\/es\/grupos-de-trabajo-tematicos\/","og_site_name":"Plataforma de Acci\u00f3n Clim\u00e1tica PLACA","article_modified_time":"2026-04-17T00:48:20+00:00","og_image":[{"width":1920,"height":500,"url":"https:\/\/accionclimaticaplaca.org\/wp-content\/uploads\/2021\/08\/fondo-grupo-1.jpg","type":"image\/jpeg"}],"twitter_card":"summary_large_image","twitter_misc":{"Tiempo de lectura":"2 minutos"},"schema":{"@context":"https:\/\/schema.org","@graph":[{"@type":"WebPage","@id":"https:\/\/accionclimaticaplaca.org\/grupos-de-trabajo-tematicos\/","url":"https:\/\/accionclimaticaplaca.org\/grupos-de-trabajo-tematicos\/","name":"Grupos de Trabajo Tematicos - NEW - Plataforma de Acci\u00f3n Clim\u00e1tica PLACA","isPartOf":{"@id":"https:\/\/accionclimaticaplaca.org\/#website"},"primaryImageOfPage":{"@id":"https:\/\/accionclimaticaplaca.org\/grupos-de-trabajo-tematicos\/#primaryimage"},"image":{"@id":"https:\/\/accionclimaticaplaca.org\/grupos-de-trabajo-tematicos\/#primaryimage"},"thumbnailUrl":"https:\/\/accionclimaticaplaca.org\/wp-content\/uploads\/2021\/08\/fondo-grupo-1.jpg","datePublished":"2025-12-19T05:19:09+00:00","dateModified":"2026-04-17T00:48:20+00:00","breadcrumb":{"@id":"https:\/\/accionclimaticaplaca.org\/grupos-de-trabajo-tematicos\/#breadcrumb"},"inLanguage":"es","potentialAction":[{"@type":"ReadAction","target":["https:\/\/accionclimaticaplaca.org\/grupos-de-trabajo-tematicos\/"]}]},{"@type":"ImageObject","inLanguage":"es","@id":"https:\/\/accionclimaticaplaca.org\/grupos-de-trabajo-tematicos\/#primaryimage","url":"https:\/\/accionclimaticaplaca.org\/wp-content\/uploads\/2021\/08\/fondo-grupo-1.jpg","contentUrl":"https:\/\/accionclimaticaplaca.org\/wp-content\/uploads\/2021\/08\/fondo-grupo-1.jpg"},{"@type":"BreadcrumbList","@id":"https:\/\/accionclimaticaplaca.org\/grupos-de-trabajo-tematicos\/#breadcrumb","itemListElement":[{"@type":"ListItem","position":1,"name":"Portada","item":"https:\/\/accionclimaticaplaca.org\/"},{"@type":"ListItem","position":2,"name":"Grupos de Trabajo Tematicos &#8211; NEW"}]},{"@type":"WebSite","@id":"https:\/\/accionclimaticaplaca.org\/#website","url":"https:\/\/accionclimaticaplaca.org\/","name":"Plataforma de Acci\u00f3n Clim\u00e1tica PLACA","description":"Plataforma de Acci\u00f3n Clim\u00e1tica en Agricultura de Latinoam\u00e9rica y El Caribe","publisher":{"@id":"https:\/\/accionclimaticaplaca.org\/#organization"},"potentialAction":[{"@type":"SearchAction","target":{"@type":"EntryPoint","urlTemplate":"https:\/\/accionclimaticaplaca.org\/?s={search_term_string}"},"query-input":{"@type":"PropertyValueSpecification","valueRequired":true,"valueName":"search_term_string"}}],"inLanguage":"es"},{"@type":"Organization","@id":"https:\/\/accionclimaticaplaca.org\/#organization","name":"Food and Agriculture Organization","url":"https:\/\/accionclimaticaplaca.org\/","logo":{"@type":"ImageObject","inLanguage":"es","@id":"https:\/\/accionclimaticaplaca.org\/#\/schema\/logo\/image\/","url":"https:\/\/accionclimaticaplaca.org\/wp-content\/uploads\/2021\/11\/gif_placa_esp.gif","contentUrl":"https:\/\/accionclimaticaplaca.org\/wp-content\/uploads\/2021\/11\/gif_placa_esp.gif","width":1000,"height":1000,"caption":"Food and Agriculture Organization"},"image":{"@id":"https:\/\/accionclimaticaplaca.org\/#\/schema\/logo\/image\/"}}]}},"_links":{"self":[{"href":"http:\/\/accionclimaticaplaca.org\/es\/wp-json\/wp\/v2\/pages\/12054","targetHints":{"allow":["GET"]}}],"collection":[{"href":"http:\/\/accionclimaticaplaca.org\/es\/wp-json\/wp\/v2\/pages"}],"about":[{"href":"http:\/\/accionclimaticaplaca.org\/es\/wp-json\/wp\/v2\/types\/page"}],"author":[{"embeddable":true,"href":"http:\/\/accionclimaticaplaca.org\/es\/wp-json\/wp\/v2\/users\/7"}],"replies":[{"embeddable":true,"href":"http:\/\/accionclimaticaplaca.org\/es\/wp-json\/wp\/v2\/comments?post=12054"}],"version-history":[{"count":34,"href":"http:\/\/accionclimaticaplaca.org\/es\/wp-json\/wp\/v2\/pages\/12054\/revisions"}],"predecessor-version":[{"id":12653,"href":"http:\/\/accionclimaticaplaca.org\/es\/wp-json\/wp\/v2\/pages\/12054\/revisions\/12653"}],"wp:attachment":[{"href":"http:\/\/accionclimaticaplaca.org\/es\/wp-json\/wp\/v2\/media?parent=12054"}],"curies":[{"name":"wp","href":"https:\/\/api.w.org\/{rel}","templated":true}]}}